{"rendered_products_top":"<div id=\"js-product-list-top\" class=\"row products-selection\">\n  <div class=\"col-md-6 hidden-sm-down total-products\">\n          <p>Existem 74 produtos.<\/p>\n      <\/div>\n  <div class=\"col-md-6\">\n    <div class=\"row sort-by-row\">\n\n      \n        <span class=\"col-sm-3 col-md-3 hidden-sm-down sort-by\">Ordenar por:<\/span>\n<div class=\"col-sm-9 col-xs-8 col-md-9 products-sort-order dropdown\">\n  <button\n    class=\"btn-unstyle select-title\"\n    rel=\"nofollow\"\n    data-toggle=\"dropdown\"\n    aria-haspopup=\"true\"\n    aria-expanded=\"false\">\n                  Mais Recentes\n              <i class=\"material-icons float-xs-right\">&#xE5C5;<\/i>\n  <\/button>\n  <div class=\"dropdown-menu\">\n          <a\n        rel=\"nofollow\"\n        href=\"https:\/\/docealto.pt\/55-coffee-breaks-eventos?order=product.position.desc\"\n        class=\"select-list js-search-link\"\n      >\n                  Mais Recentes\n              <\/a>\n          <a\n        rel=\"nofollow\"\n        href=\"https:\/\/docealto.pt\/55-coffee-breaks-eventos?order=product.name.asc\"\n        class=\"select-list js-search-link\"\n      >\n                  Nome (A-Z)\n              <\/a>\n          <a\n        rel=\"nofollow\"\n        href=\"https:\/\/docealto.pt\/55-coffee-breaks-eventos?order=product.name.desc\"\n        class=\"select-list js-search-link\"\n      >\n                  Nome (Z-A)\n              <\/a>\n          <a\n        rel=\"nofollow\"\n        href=\"https:\/\/docealto.pt\/55-coffee-breaks-eventos?order=product.price.asc\"\n        class=\"select-list js-search-link\"\n      >\n                  Pre\u00e7o Crescente\n              <\/a>\n          <a\n        rel=\"nofollow\"\n        href=\"https:\/\/docealto.pt\/55-coffee-breaks-eventos?order=product.price.desc\"\n        class=\"select-list js-search-link\"\n      >\n                  Pre\u00e7o Decrescente\n              <\/a>\n      <\/div>\n<\/div>\n      \n\n              <div class=\"col-sm-3 col-xs-4 hidden-md-up filter-button\">\n          <button id=\"search_filter_toggler\" class=\"btn btn-secondary\">\n            Filtrar\n          <\/button>\n        <\/div>\n          <\/div>\n  <\/div>\n  <div class=\"col-sm-12 hidden-md-up text-sm-center showing\">\n    Mostrando 1-24 de um total de 74 artigo(s)\n  <\/div>\n<\/div>\n","rendered_products":"<div id=\"js-product-list\">\n  <div class=\"products row\">\n          \n        \n  <article class=\"product-miniature js-product-miniature\" data-id-product=\"2969\" data-id-product-attribute=\"0\" itemscope itemtype=\"http:\/\/schema.org\/Product\">\n    <div class=\"thumbnail-container\">\n      \n        <a href=\"https:\/\/docealto.pt\/coffee-breaks-eventos\/2969-espetadas-de-salmao-fumado-e-queijo-da-serra-un.html\" class=\"thumbnail product-thumbnail\">\n          <div class=\"mask\"><\/div>\n          <img\n            src = \"https:\/\/docealto.pt\/16815-home_default\/espetadas-de-salmao-fumado-e-queijo-da-serra-un.jpg\"\n            alt = \"Espetadas de Salm\u00e3o Fumado...\" \n            title=\"Espetadas de Salm\u00e3o Fumado e Queijo da Serra (Un)\" \n            data-full-size-image-url = \"https:\/\/docealto.pt\/16815-large_default\/espetadas-de-salmao-fumado-e-queijo-da-serra-un.jpg\"\n          >\n        <\/a>\n      \n\n      <div class=\"product-description\">\n        \n          <h1 class=\"h3 product-title\" itemprop=\"name\"><a href=\"https:\/\/docealto.pt\/coffee-breaks-eventos\/2969-espetadas-de-salmao-fumado-e-queijo-da-serra-un.html\">Espetadas de Salm\u00e3o Fumado...<\/a><\/h1>\n        \n\n        \n                      <div class=\"product-price-and-shipping\">\n              \n              \n\n              <span class=\"sr-only\">Pre\u00e7o<\/span>\n              <span itemprop=\"price\" class=\"price\">2,75\u00a0\u20ac<\/span>\n\n              \n\n              \n            <\/div>\n                  \n\n        \n          <div class=\"comments_note\">\n    <\/div>\n        \n      <\/div>\n\n      \n        <ul class=\"product-flags\">\n                  <\/ul>\n      \n\n      <!--<div class=\"highlighted-informations no-variants hidden-sm-down\">\n        \n          <a class=\"quick-view\" href=\"#\" data-link-action=\"quickview\">\n            <i class=\"material-icons search\">&#xE8B6;<\/i> Vista r\u00e1pida\n          <\/a>\n        \n\n        \n                  \n      <\/div>\n      -->\n    <\/div>\n  <\/article>\n\n      \n          \n        \n  <article class=\"product-miniature js-product-miniature\" data-id-product=\"2968\" data-id-product-attribute=\"0\" itemscope itemtype=\"http:\/\/schema.org\/Product\">\n    <div class=\"thumbnail-container\">\n      \n        <a href=\"https:\/\/docealto.pt\/coffee-breaks-eventos\/2968-espetadas-de-presunto-e-queijo-da-serra-un.html\" class=\"thumbnail product-thumbnail\">\n          <div class=\"mask\"><\/div>\n          <img\n            src = \"https:\/\/docealto.pt\/16812-home_default\/espetadas-de-presunto-e-queijo-da-serra-un.jpg\"\n            alt = \"Espetadas de Presunto e...\" \n            title=\"Espetadas de Presunto e Queijo da Serra (Un)\" \n            data-full-size-image-url = \"https:\/\/docealto.pt\/16812-large_default\/espetadas-de-presunto-e-queijo-da-serra-un.jpg\"\n          >\n        <\/a>\n      \n\n      <div class=\"product-description\">\n        \n          <h1 class=\"h3 product-title\" itemprop=\"name\"><a href=\"https:\/\/docealto.pt\/coffee-breaks-eventos\/2968-espetadas-de-presunto-e-queijo-da-serra-un.html\">Espetadas de Presunto e...<\/a><\/h1>\n        \n\n        \n                      <div class=\"product-price-and-shipping\">\n              \n              \n\n              <span class=\"sr-only\">Pre\u00e7o<\/span>\n              <span itemprop=\"price\" class=\"price\">2,75\u00a0\u20ac<\/span>\n\n              \n\n              \n            <\/div>\n                  \n\n        \n          <div class=\"comments_note\">\n    <\/div>\n        \n      <\/div>\n\n      \n        <ul class=\"product-flags\">\n                  <\/ul>\n      \n\n      <!--<div class=\"highlighted-informations no-variants hidden-sm-down\">\n        \n          <a class=\"quick-view\" href=\"#\" data-link-action=\"quickview\">\n            <i class=\"material-icons search\">&#xE8B6;<\/i> Vista r\u00e1pida\n          <\/a>\n        \n\n        \n                  \n      <\/div>\n      -->\n    <\/div>\n  <\/article>\n\n      \n          \n        \n  <article class=\"product-miniature js-product-miniature\" data-id-product=\"2928\" data-id-product-attribute=\"84420\" itemscope itemtype=\"http:\/\/schema.org\/Product\">\n    <div class=\"thumbnail-container\">\n      \n        <a href=\"https:\/\/docealto.pt\/salgadinhos\/2928-84420-merendinhas-14kg.html#\/37-peso-1_4_kg\" class=\"thumbnail product-thumbnail\">\n          <div class=\"mask\"><\/div>\n          <img\n            src = \"https:\/\/docealto.pt\/16526-home_default\/merendinhas-14kg.jpg\"\n            alt = \"Merendinhas (1\/4Kg)\" \n            title=\"Merendinhas (1\/4Kg)\" \n            data-full-size-image-url = \"https:\/\/docealto.pt\/16526-large_default\/merendinhas-14kg.jpg\"\n          >\n        <\/a>\n      \n\n      <div class=\"product-description\">\n        \n          <h1 class=\"h3 product-title\" itemprop=\"name\"><a href=\"https:\/\/docealto.pt\/salgadinhos\/2928-84420-merendinhas-14kg.html#\/37-peso-1_4_kg\">Merendinhas (1\/4Kg)<\/a><\/h1>\n        \n\n        \n                      <div class=\"product-price-and-shipping\">\n              \n              \n\n              <span class=\"sr-only\">Pre\u00e7o<\/span>\n              <span itemprop=\"price\" class=\"price\">3,24\u00a0\u20ac<\/span>\n\n              \n\n              \n            <\/div>\n                  \n\n        \n          <div class=\"comments_note\">\n    <\/div>\n        \n      <\/div>\n\n      \n        <ul class=\"product-flags\">\n                  <\/ul>\n      \n\n      <!--<div class=\"highlighted-informations no-variants hidden-sm-down\">\n        \n          <a class=\"quick-view\" href=\"#\" data-link-action=\"quickview\">\n            <i class=\"material-icons search\">&#xE8B6;<\/i> Vista r\u00e1pida\n          <\/a>\n        \n\n        \n                  \n      <\/div>\n      -->\n    <\/div>\n  <\/article>\n\n      \n          \n        \n  <article class=\"product-miniature js-product-miniature\" data-id-product=\"2810\" data-id-product-attribute=\"0\" itemscope itemtype=\"http:\/\/schema.org\/Product\">\n    <div class=\"thumbnail-container\">\n      \n        <a href=\"https:\/\/docealto.pt\/coffee-breaks-eventos\/2810-prato-de-salpicao-fatiado-kg.html\" class=\"thumbnail product-thumbnail\">\n          <div class=\"mask\"><\/div>\n          <img\n            src = \"https:\/\/docealto.pt\/15839-home_default\/prato-de-salpicao-fatiado-kg.jpg\"\n            alt = \"Prato de Salpic\u00e3o Fatiado (Kg)\" \n            title=\"Prato de Salpic\u00e3o Fatiado (Kg)\" \n            data-full-size-image-url = \"https:\/\/docealto.pt\/15839-large_default\/prato-de-salpicao-fatiado-kg.jpg\"\n          >\n        <\/a>\n      \n\n      <div class=\"product-description\">\n        \n          <h1 class=\"h3 product-title\" itemprop=\"name\"><a href=\"https:\/\/docealto.pt\/coffee-breaks-eventos\/2810-prato-de-salpicao-fatiado-kg.html\">Prato de Salpic\u00e3o Fatiado (Kg)<\/a><\/h1>\n        \n\n        \n                      <div class=\"product-price-and-shipping\">\n              \n              \n\n              <span class=\"sr-only\">Pre\u00e7o<\/span>\n              <span itemprop=\"price\" class=\"price\">34,90\u00a0\u20ac<\/span>\n\n              \n\n              \n            <\/div>\n                  \n\n        \n          <div class=\"comments_note\">\n    <\/div>\n        \n      <\/div>\n\n      \n        <ul class=\"product-flags\">\n                  <\/ul>\n      \n\n      <!--<div class=\"highlighted-informations no-variants hidden-sm-down\">\n        \n          <a class=\"quick-view\" href=\"#\" data-link-action=\"quickview\">\n            <i class=\"material-icons search\">&#xE8B6;<\/i> Vista r\u00e1pida\n          <\/a>\n        \n\n        \n                  \n      <\/div>\n      -->\n    <\/div>\n  <\/article>\n\n      \n          \n        \n  <article class=\"product-miniature js-product-miniature\" data-id-product=\"2809\" data-id-product-attribute=\"0\" itemscope itemtype=\"http:\/\/schema.org\/Product\">\n    <div class=\"thumbnail-container\">\n      \n        <a href=\"https:\/\/docealto.pt\/coffee-breaks-eventos\/2809-prato-de-presunto-fatiado-kg.html\" class=\"thumbnail product-thumbnail\">\n          <div class=\"mask\"><\/div>\n          <img\n            src = \"https:\/\/docealto.pt\/15833-home_default\/prato-de-presunto-fatiado-kg.jpg\"\n            alt = \"Prato de Presunto Fatiado (Kg)\" \n            title=\"Prato de Presunto Fatiado (Kg)\" \n            data-full-size-image-url = \"https:\/\/docealto.pt\/15833-large_default\/prato-de-presunto-fatiado-kg.jpg\"\n          >\n        <\/a>\n      \n\n      <div class=\"product-description\">\n        \n          <h1 class=\"h3 product-title\" itemprop=\"name\"><a href=\"https:\/\/docealto.pt\/coffee-breaks-eventos\/2809-prato-de-presunto-fatiado-kg.html\">Prato de Presunto Fatiado (Kg)<\/a><\/h1>\n        \n\n        \n                      <div class=\"product-price-and-shipping\">\n              \n              \n\n              <span class=\"sr-only\">Pre\u00e7o<\/span>\n              <span itemprop=\"price\" class=\"price\">45,90\u00a0\u20ac<\/span>\n\n              \n\n              \n            <\/div>\n                  \n\n        \n          <div class=\"comments_note\">\n    <\/div>\n        \n      <\/div>\n\n      \n        <ul class=\"product-flags\">\n                  <\/ul>\n      \n\n      <!--<div class=\"highlighted-informations no-variants hidden-sm-down\">\n        \n          <a class=\"quick-view\" href=\"#\" data-link-action=\"quickview\">\n            <i class=\"material-icons search\">&#xE8B6;<\/i> Vista r\u00e1pida\n          <\/a>\n        \n\n        \n                  \n      <\/div>\n      -->\n    <\/div>\n  <\/article>\n\n      \n          \n        \n  <article class=\"product-miniature js-product-miniature\" data-id-product=\"2796\" data-id-product-attribute=\"0\" itemscope itemtype=\"http:\/\/schema.org\/Product\">\n    <div class=\"thumbnail-container\">\n      \n        <a href=\"https:\/\/docealto.pt\/confeitaria\/2796-sandes-mini-americana-un.html\" class=\"thumbnail product-thumbnail\">\n          <div class=\"mask\"><\/div>\n          <img\n            src = \"https:\/\/docealto.pt\/15750-home_default\/sandes-mini-americana-un.jpg\"\n            alt = \"Sandes Mini Americana (Un)\" \n            title=\"Sandes Mini Americana (Un)\" \n            data-full-size-image-url = \"https:\/\/docealto.pt\/15750-large_default\/sandes-mini-americana-un.jpg\"\n          >\n        <\/a>\n      \n\n      <div class=\"product-description\">\n        \n          <h1 class=\"h3 product-title\" itemprop=\"name\"><a href=\"https:\/\/docealto.pt\/confeitaria\/2796-sandes-mini-americana-un.html\">Sandes Mini Americana (Un)<\/a><\/h1>\n        \n\n        \n                      <div class=\"product-price-and-shipping\">\n              \n              \n\n              <span class=\"sr-only\">Pre\u00e7o<\/span>\n              <span itemprop=\"price\" class=\"price\">1,70\u00a0\u20ac<\/span>\n\n              \n\n              \n            <\/div>\n                  \n\n        \n          <div class=\"comments_note\">\n    <\/div>\n        \n      <\/div>\n\n      \n        <ul class=\"product-flags\">\n                  <\/ul>\n      \n\n      <!--<div class=\"highlighted-informations no-variants hidden-sm-down\">\n        \n          <a class=\"quick-view\" href=\"#\" data-link-action=\"quickview\">\n            <i class=\"material-icons search\">&#xE8B6;<\/i> Vista r\u00e1pida\n          <\/a>\n        \n\n        \n                  \n      <\/div>\n      -->\n    <\/div>\n  <\/article>\n\n      \n          \n        \n  <article class=\"product-miniature js-product-miniature\" data-id-product=\"2795\" data-id-product-attribute=\"0\" itemscope itemtype=\"http:\/\/schema.org\/Product\">\n    <div class=\"thumbnail-container\">\n      \n        <a href=\"https:\/\/docealto.pt\/confeitaria\/2795-sandes-mini-sortidas-un.html\" class=\"thumbnail product-thumbnail\">\n          <div class=\"mask\"><\/div>\n          <img\n            src = \"https:\/\/docealto.pt\/15746-home_default\/sandes-mini-sortidas-un.jpg\"\n            alt = \"Sandes Mini Sortidas (Un)\" \n            title=\"Sandes Mini Sortidas (Un)\" \n            data-full-size-image-url = \"https:\/\/docealto.pt\/15746-large_default\/sandes-mini-sortidas-un.jpg\"\n          >\n        <\/a>\n      \n\n      <div class=\"product-description\">\n        \n          <h1 class=\"h3 product-title\" itemprop=\"name\"><a href=\"https:\/\/docealto.pt\/confeitaria\/2795-sandes-mini-sortidas-un.html\">Sandes Mini Sortidas (Un)<\/a><\/h1>\n        \n\n        \n                      <div class=\"product-price-and-shipping\">\n              \n              \n\n              <span class=\"sr-only\">Pre\u00e7o<\/span>\n              <span itemprop=\"price\" class=\"price\">2,10\u00a0\u20ac<\/span>\n\n              \n\n              \n            <\/div>\n                  \n\n        \n          <div class=\"comments_note\">\n    <\/div>\n        \n      <\/div>\n\n      \n        <ul class=\"product-flags\">\n                  <\/ul>\n      \n\n      <!--<div class=\"highlighted-informations no-variants hidden-sm-down\">\n        \n          <a class=\"quick-view\" href=\"#\" data-link-action=\"quickview\">\n            <i class=\"material-icons search\">&#xE8B6;<\/i> Vista r\u00e1pida\n          <\/a>\n        \n\n        \n                  \n      <\/div>\n      -->\n    <\/div>\n  <\/article>\n\n      \n          \n        \n  <article class=\"product-miniature js-product-miniature\" data-id-product=\"2770\" data-id-product-attribute=\"0\" itemscope itemtype=\"http:\/\/schema.org\/Product\">\n    <div class=\"thumbnail-container\">\n      \n        <a href=\"https:\/\/docealto.pt\/confeitaria\/2770-sandes-mini-de-presunto-e-queijo-da-serra-un.html\" class=\"thumbnail product-thumbnail\">\n          <div class=\"mask\"><\/div>\n          <img\n            src = \"https:\/\/docealto.pt\/15605-home_default\/sandes-mini-de-presunto-e-queijo-da-serra-un.jpg\"\n            alt = \"Sandes Mini de Presunto e...\" \n            title=\"Sandes Mini de Presunto e Queijo da Serra (Un)\" \n            data-full-size-image-url = \"https:\/\/docealto.pt\/15605-large_default\/sandes-mini-de-presunto-e-queijo-da-serra-un.jpg\"\n          >\n        <\/a>\n      \n\n      <div class=\"product-description\">\n        \n          <h1 class=\"h3 product-title\" itemprop=\"name\"><a href=\"https:\/\/docealto.pt\/confeitaria\/2770-sandes-mini-de-presunto-e-queijo-da-serra-un.html\">Sandes Mini de Presunto e...<\/a><\/h1>\n        \n\n        \n                      <div class=\"product-price-and-shipping\">\n              \n              \n\n              <span class=\"sr-only\">Pre\u00e7o<\/span>\n              <span itemprop=\"price\" class=\"price\">2,00\u00a0\u20ac<\/span>\n\n              \n\n              \n            <\/div>\n                  \n\n        \n          <div class=\"comments_note\">\n    <\/div>\n        \n      <\/div>\n\n      \n        <ul class=\"product-flags\">\n                  <\/ul>\n      \n\n      <!--<div class=\"highlighted-informations no-variants hidden-sm-down\">\n        \n          <a class=\"quick-view\" href=\"#\" data-link-action=\"quickview\">\n            <i class=\"material-icons search\">&#xE8B6;<\/i> Vista r\u00e1pida\n          <\/a>\n        \n\n        \n                  \n      <\/div>\n      -->\n    <\/div>\n  <\/article>\n\n      \n          \n        \n  <article class=\"product-miniature js-product-miniature\" data-id-product=\"2769\" data-id-product-attribute=\"0\" itemscope itemtype=\"http:\/\/schema.org\/Product\">\n    <div class=\"thumbnail-container\">\n      \n        <a href=\"https:\/\/docealto.pt\/confeitaria\/2769-sandes-mini-de-atum-un.html\" class=\"thumbnail product-thumbnail\">\n          <div class=\"mask\"><\/div>\n          <img\n            src = \"https:\/\/docealto.pt\/15594-home_default\/sandes-mini-de-atum-un.jpg\"\n            alt = \"Sandes Mini de Atum (Un)\" \n            title=\"Sandes Mini de Atum (Un)\" \n            data-full-size-image-url = \"https:\/\/docealto.pt\/15594-large_default\/sandes-mini-de-atum-un.jpg\"\n          >\n        <\/a>\n      \n\n      <div class=\"product-description\">\n        \n          <h1 class=\"h3 product-title\" itemprop=\"name\"><a href=\"https:\/\/docealto.pt\/confeitaria\/2769-sandes-mini-de-atum-un.html\">Sandes Mini de Atum (Un)<\/a><\/h1>\n        \n\n        \n                      <div class=\"product-price-and-shipping\">\n              \n              \n\n              <span class=\"sr-only\">Pre\u00e7o<\/span>\n              <span itemprop=\"price\" class=\"price\">1,70\u00a0\u20ac<\/span>\n\n              \n\n              \n            <\/div>\n                  \n\n        \n          <div class=\"comments_note\">\n    <\/div>\n        \n      <\/div>\n\n      \n        <ul class=\"product-flags\">\n                  <\/ul>\n      \n\n      <!--<div class=\"highlighted-informations no-variants hidden-sm-down\">\n        \n          <a class=\"quick-view\" href=\"#\" data-link-action=\"quickview\">\n            <i class=\"material-icons search\">&#xE8B6;<\/i> Vista r\u00e1pida\n          <\/a>\n        \n\n        \n                  \n      <\/div>\n      -->\n    <\/div>\n  <\/article>\n\n      \n          \n        \n  <article class=\"product-miniature js-product-miniature\" data-id-product=\"2768\" data-id-product-attribute=\"0\" itemscope itemtype=\"http:\/\/schema.org\/Product\">\n    <div class=\"thumbnail-container\">\n      \n        <a href=\"https:\/\/docealto.pt\/confeitaria\/2768-sandes-mini-de-salmao-fumado-e-creme-de-queijo-un.html\" class=\"thumbnail product-thumbnail\">\n          <div class=\"mask\"><\/div>\n          <img\n            src = \"https:\/\/docealto.pt\/15589-home_default\/sandes-mini-de-salmao-fumado-e-creme-de-queijo-un.jpg\"\n            alt = \"Sandes Mini de Salm\u00e3o...\" \n            title=\"Sandes Mini de Salm\u00e3o Fumado e Creme de Queijo (Un)\" \n            data-full-size-image-url = \"https:\/\/docealto.pt\/15589-large_default\/sandes-mini-de-salmao-fumado-e-creme-de-queijo-un.jpg\"\n          >\n        <\/a>\n      \n\n      <div class=\"product-description\">\n        \n          <h1 class=\"h3 product-title\" itemprop=\"name\"><a href=\"https:\/\/docealto.pt\/confeitaria\/2768-sandes-mini-de-salmao-fumado-e-creme-de-queijo-un.html\">Sandes Mini de Salm\u00e3o...<\/a><\/h1>\n        \n\n        \n                      <div class=\"product-price-and-shipping\">\n              \n              \n\n              <span class=\"sr-only\">Pre\u00e7o<\/span>\n              <span itemprop=\"price\" class=\"price\">2,10\u00a0\u20ac<\/span>\n\n              \n\n              \n            <\/div>\n                  \n\n        \n          <div class=\"comments_note\">\n    <\/div>\n        \n      <\/div>\n\n      \n        <ul class=\"product-flags\">\n                  <\/ul>\n      \n\n      <!--<div class=\"highlighted-informations no-variants hidden-sm-down\">\n        \n          <a class=\"quick-view\" href=\"#\" data-link-action=\"quickview\">\n            <i class=\"material-icons search\">&#xE8B6;<\/i> Vista r\u00e1pida\n          <\/a>\n        \n\n        \n                  \n      <\/div>\n      -->\n    <\/div>\n  <\/article>\n\n      \n          \n        \n  <article class=\"product-miniature js-product-miniature\" data-id-product=\"2767\" data-id-product-attribute=\"0\" itemscope itemtype=\"http:\/\/schema.org\/Product\">\n    <div class=\"thumbnail-container\">\n      \n        <a href=\"https:\/\/docealto.pt\/confeitaria\/2767-sandes-mini-de-isca-un.html\" class=\"thumbnail product-thumbnail\">\n          <div class=\"mask\"><\/div>\n          <img\n            src = \"https:\/\/docealto.pt\/15580-home_default\/sandes-mini-de-isca-un.jpg\"\n            alt = \"Sandes Mini de Isca (Un)\" \n            title=\"Sandes Mini de Isca (Un)\" \n            data-full-size-image-url = \"https:\/\/docealto.pt\/15580-large_default\/sandes-mini-de-isca-un.jpg\"\n          >\n        <\/a>\n      \n\n      <div class=\"product-description\">\n        \n          <h1 class=\"h3 product-title\" itemprop=\"name\"><a href=\"https:\/\/docealto.pt\/confeitaria\/2767-sandes-mini-de-isca-un.html\">Sandes Mini de Isca (Un)<\/a><\/h1>\n        \n\n        \n                      <div class=\"product-price-and-shipping\">\n              \n              \n\n              <span class=\"sr-only\">Pre\u00e7o<\/span>\n              <span itemprop=\"price\" class=\"price\">1,70\u00a0\u20ac<\/span>\n\n              \n\n              \n            <\/div>\n                  \n\n        \n          <div class=\"comments_note\">\n    <\/div>\n        \n      <\/div>\n\n      \n        <ul class=\"product-flags\">\n                  <\/ul>\n      \n\n      <!--<div class=\"highlighted-informations no-variants hidden-sm-down\">\n        \n          <a class=\"quick-view\" href=\"#\" data-link-action=\"quickview\">\n            <i class=\"material-icons search\">&#xE8B6;<\/i> Vista r\u00e1pida\n          <\/a>\n        \n\n        \n                  \n      <\/div>\n      -->\n    <\/div>\n  <\/article>\n\n      \n          \n        \n  <article class=\"product-miniature js-product-miniature\" data-id-product=\"2766\" data-id-product-attribute=\"0\" itemscope itemtype=\"http:\/\/schema.org\/Product\">\n    <div class=\"thumbnail-container\">\n      \n        <a href=\"https:\/\/docealto.pt\/confeitaria\/2766-sandes-mini-de-queijo-un.html\" class=\"thumbnail product-thumbnail\">\n          <div class=\"mask\"><\/div>\n          <img\n            src = \"https:\/\/docealto.pt\/15573-home_default\/sandes-mini-de-queijo-un.jpg\"\n            alt = \"Sandes Mini de Queijo (Un)\" \n            title=\"Sandes Mini de Queijo (Un)\" \n            data-full-size-image-url = \"https:\/\/docealto.pt\/15573-large_default\/sandes-mini-de-queijo-un.jpg\"\n          >\n        <\/a>\n      \n\n      <div class=\"product-description\">\n        \n          <h1 class=\"h3 product-title\" itemprop=\"name\"><a href=\"https:\/\/docealto.pt\/confeitaria\/2766-sandes-mini-de-queijo-un.html\">Sandes Mini de Queijo (Un)<\/a><\/h1>\n        \n\n        \n                      <div class=\"product-price-and-shipping\">\n              \n              \n\n              <span class=\"sr-only\">Pre\u00e7o<\/span>\n              <span itemprop=\"price\" class=\"price\">1,60\u00a0\u20ac<\/span>\n\n              \n\n              \n            <\/div>\n                  \n\n        \n          <div class=\"comments_note\">\n    <\/div>\n        \n      <\/div>\n\n      \n        <ul class=\"product-flags\">\n                  <\/ul>\n      \n\n      <!--<div class=\"highlighted-informations no-variants hidden-sm-down\">\n        \n          <a class=\"quick-view\" href=\"#\" data-link-action=\"quickview\">\n            <i class=\"material-icons search\">&#xE8B6;<\/i> Vista r\u00e1pida\n          <\/a>\n        \n\n        \n                  \n      <\/div>\n      -->\n    <\/div>\n  <\/article>\n\n      \n          \n        \n  <article class=\"product-miniature js-product-miniature\" data-id-product=\"2765\" data-id-product-attribute=\"0\" itemscope itemtype=\"http:\/\/schema.org\/Product\">\n    <div class=\"thumbnail-container\">\n      \n        <a href=\"https:\/\/docealto.pt\/confeitaria\/2765-sandes-mini-de-fiambre-un.html\" class=\"thumbnail product-thumbnail\">\n          <div class=\"mask\"><\/div>\n          <img\n            src = \"https:\/\/docealto.pt\/15566-home_default\/sandes-mini-de-fiambre-un.jpg\"\n            alt = \"Sandes Mini de Fiambre (Un)\" \n            title=\"Sandes Mini de Fiambre (Un)\" \n            data-full-size-image-url = \"https:\/\/docealto.pt\/15566-large_default\/sandes-mini-de-fiambre-un.jpg\"\n          >\n        <\/a>\n      \n\n      <div class=\"product-description\">\n        \n          <h1 class=\"h3 product-title\" itemprop=\"name\"><a href=\"https:\/\/docealto.pt\/confeitaria\/2765-sandes-mini-de-fiambre-un.html\">Sandes Mini de Fiambre (Un)<\/a><\/h1>\n        \n\n        \n                      <div class=\"product-price-and-shipping\">\n              \n              \n\n              <span class=\"sr-only\">Pre\u00e7o<\/span>\n              <span itemprop=\"price\" class=\"price\">1,60\u00a0\u20ac<\/span>\n\n              \n\n              \n            <\/div>\n                  \n\n        \n          <div class=\"comments_note\">\n    <\/div>\n        \n      <\/div>\n\n      \n        <ul class=\"product-flags\">\n                  <\/ul>\n      \n\n      <!--<div class=\"highlighted-informations no-variants hidden-sm-down\">\n        \n          <a class=\"quick-view\" href=\"#\" data-link-action=\"quickview\">\n            <i class=\"material-icons search\">&#xE8B6;<\/i> Vista r\u00e1pida\n          <\/a>\n        \n\n        \n                  \n      <\/div>\n      -->\n    <\/div>\n  <\/article>\n\n      \n          \n        \n  <article class=\"product-miniature js-product-miniature\" data-id-product=\"2764\" data-id-product-attribute=\"0\" itemscope itemtype=\"http:\/\/schema.org\/Product\">\n    <div class=\"thumbnail-container\">\n      \n        <a href=\"https:\/\/docealto.pt\/confeitaria\/2764-croissants-mini-com-queijo-un.html\" class=\"thumbnail product-thumbnail\">\n          <div class=\"mask\"><\/div>\n          <img\n            src = \"https:\/\/docealto.pt\/15582-home_default\/croissants-mini-com-queijo-un.jpg\"\n            alt = \"Croissants Mini com Queijo...\" \n            title=\"Croissants Mini com Queijo (Un)\" \n            data-full-size-image-url = \"https:\/\/docealto.pt\/15582-large_default\/croissants-mini-com-queijo-un.jpg\"\n          >\n        <\/a>\n      \n\n      <div class=\"product-description\">\n        \n          <h1 class=\"h3 product-title\" itemprop=\"name\"><a href=\"https:\/\/docealto.pt\/confeitaria\/2764-croissants-mini-com-queijo-un.html\">Croissants Mini com Queijo...<\/a><\/h1>\n        \n\n        \n                      <div class=\"product-price-and-shipping\">\n              \n              \n\n              <span class=\"sr-only\">Pre\u00e7o<\/span>\n              <span itemprop=\"price\" class=\"price\">1,70\u00a0\u20ac<\/span>\n\n              \n\n              \n            <\/div>\n                  \n\n        \n          <div class=\"comments_note\">\n    <\/div>\n        \n      <\/div>\n\n      \n        <ul class=\"product-flags\">\n                  <\/ul>\n      \n\n      <!--<div class=\"highlighted-informations no-variants hidden-sm-down\">\n        \n          <a class=\"quick-view\" href=\"#\" data-link-action=\"quickview\">\n            <i class=\"material-icons search\">&#xE8B6;<\/i> Vista r\u00e1pida\n          <\/a>\n        \n\n        \n                  \n      <\/div>\n      -->\n    <\/div>\n  <\/article>\n\n      \n          \n        \n  <article class=\"product-miniature js-product-miniature\" data-id-product=\"2763\" data-id-product-attribute=\"0\" itemscope itemtype=\"http:\/\/schema.org\/Product\">\n    <div class=\"thumbnail-container\">\n      \n        <a href=\"https:\/\/docealto.pt\/inicio\/2763-fritos-sortidos-un.html\" class=\"thumbnail product-thumbnail\">\n          <div class=\"mask\"><\/div>\n          <img\n            src = \"https:\/\/docealto.pt\/15557-home_default\/fritos-sortidos-un.jpg\"\n            alt = \"Fritos Sortidos (Un)\" \n            title=\"Fritos Sortidos (Un)\" \n            data-full-size-image-url = \"https:\/\/docealto.pt\/15557-large_default\/fritos-sortidos-un.jpg\"\n          >\n        <\/a>\n      \n\n      <div class=\"product-description\">\n        \n          <h1 class=\"h3 product-title\" itemprop=\"name\"><a href=\"https:\/\/docealto.pt\/inicio\/2763-fritos-sortidos-un.html\">Fritos Sortidos (Un)<\/a><\/h1>\n        \n\n        \n                      <div class=\"product-price-and-shipping\">\n              \n              \n\n              <span class=\"sr-only\">Pre\u00e7o<\/span>\n              <span itemprop=\"price\" class=\"price\">1,50\u00a0\u20ac<\/span>\n\n              \n\n              \n            <\/div>\n                  \n\n        \n          <div class=\"comments_note\">\n    <\/div>\n        \n      <\/div>\n\n      \n        <ul class=\"product-flags\">\n                  <\/ul>\n      \n\n      <!--<div class=\"highlighted-informations no-variants hidden-sm-down\">\n        \n          <a class=\"quick-view\" href=\"#\" data-link-action=\"quickview\">\n            <i class=\"material-icons search\">&#xE8B6;<\/i> Vista r\u00e1pida\n          <\/a>\n        \n\n        \n                  \n      <\/div>\n      -->\n    <\/div>\n  <\/article>\n\n      \n          \n        \n  <article class=\"product-miniature js-product-miniature\" data-id-product=\"2762\" data-id-product-attribute=\"0\" itemscope itemtype=\"http:\/\/schema.org\/Product\">\n    <div class=\"thumbnail-container\">\n      \n        <a href=\"https:\/\/docealto.pt\/confeitaria\/2762--sandes-panado-un.html\" class=\"thumbnail product-thumbnail\">\n          <div class=\"mask\"><\/div>\n          <img\n            src = \"https:\/\/docealto.pt\/15554-home_default\/-sandes-panado-un.jpg\"\n            alt = \"Sandes Mini Panado (Un)\" \n            title=\"Sandes Mini Panado (Un)\" \n            data-full-size-image-url = \"https:\/\/docealto.pt\/15554-large_default\/-sandes-panado-un.jpg\"\n          >\n        <\/a>\n      \n\n      <div class=\"product-description\">\n        \n          <h1 class=\"h3 product-title\" itemprop=\"name\"><a href=\"https:\/\/docealto.pt\/confeitaria\/2762--sandes-panado-un.html\">Sandes Mini Panado (Un)<\/a><\/h1>\n        \n\n        \n                      <div class=\"product-price-and-shipping\">\n              \n              \n\n              <span class=\"sr-only\">Pre\u00e7o<\/span>\n              <span itemprop=\"price\" class=\"price\">1,70\u00a0\u20ac<\/span>\n\n              \n\n              \n            <\/div>\n                  \n\n        \n          <div class=\"comments_note\">\n    <\/div>\n        \n      <\/div>\n\n      \n        <ul class=\"product-flags\">\n                  <\/ul>\n      \n\n      <!--<div class=\"highlighted-informations no-variants hidden-sm-down\">\n        \n          <a class=\"quick-view\" href=\"#\" data-link-action=\"quickview\">\n            <i class=\"material-icons search\">&#xE8B6;<\/i> Vista r\u00e1pida\n          <\/a>\n        \n\n        \n                  \n      <\/div>\n      -->\n    <\/div>\n  <\/article>\n\n      \n          \n        \n  <article class=\"product-miniature js-product-miniature\" data-id-product=\"1188\" data-id-product-attribute=\"58152\" itemscope itemtype=\"http:\/\/schema.org\/Product\">\n    <div class=\"thumbnail-container\">\n      \n        <a href=\"https:\/\/docealto.pt\/especialidades\/1188-58152-castanhas-de-ovos-14-kg.html#\/37-peso-1_4_kg\" class=\"thumbnail product-thumbnail\">\n          <div class=\"mask\"><\/div>\n          <img\n            src = \"https:\/\/docealto.pt\/6764-home_default\/castanhas-de-ovos-14-kg.jpg\"\n            alt = \"Castanhas de Ovos (1\/4 Kg)\" \n            title=\"Castanhas de Ovos (1\/4 Kg)\" \n            data-full-size-image-url = \"https:\/\/docealto.pt\/6764-large_default\/castanhas-de-ovos-14-kg.jpg\"\n          >\n        <\/a>\n      \n\n      <div class=\"product-description\">\n        \n          <h1 class=\"h3 product-title\" itemprop=\"name\"><a href=\"https:\/\/docealto.pt\/especialidades\/1188-58152-castanhas-de-ovos-14-kg.html#\/37-peso-1_4_kg\">Castanhas de Ovos (1\/4 Kg)<\/a><\/h1>\n        \n\n        \n                      <div class=\"product-price-and-shipping\">\n              \n              \n\n              <span class=\"sr-only\">Pre\u00e7o<\/span>\n              <span itemprop=\"price\" class=\"price\">9,23\u00a0\u20ac<\/span>\n\n              \n\n              \n            <\/div>\n                  \n\n        \n          <div class=\"comments_note\">\n    <\/div>\n        \n      <\/div>\n\n      \n        <ul class=\"product-flags\">\n                  <\/ul>\n      \n\n      <!--<div class=\"highlighted-informations no-variants hidden-sm-down\">\n        \n          <a class=\"quick-view\" href=\"#\" data-link-action=\"quickview\">\n            <i class=\"material-icons search\">&#xE8B6;<\/i> Vista r\u00e1pida\n          <\/a>\n        \n\n        \n                  \n      <\/div>\n      -->\n    <\/div>\n  <\/article>\n\n      \n          \n        \n  <article class=\"product-miniature js-product-miniature\" data-id-product=\"1372\" data-id-product-attribute=\"82597\" itemscope itemtype=\"http:\/\/schema.org\/Product\">\n    <div class=\"thumbnail-container\">\n      \n        <a href=\"https:\/\/docealto.pt\/doces\/1372-82597-croissants-minis-.html#\/37-peso-1_4_kg\" class=\"thumbnail product-thumbnail\">\n          <div class=\"mask\"><\/div>\n          <img\n            src = \"https:\/\/docealto.pt\/7527-home_default\/croissants-minis-.jpg\"\n            alt = \"Croissants Minis\" \n            title=\"Croissants Minis\" \n            data-full-size-image-url = \"https:\/\/docealto.pt\/7527-large_default\/croissants-minis-.jpg\"\n          >\n        <\/a>\n      \n\n      <div class=\"product-description\">\n        \n          <h1 class=\"h3 product-title\" itemprop=\"name\"><a href=\"https:\/\/docealto.pt\/doces\/1372-82597-croissants-minis-.html#\/37-peso-1_4_kg\">Croissants Minis<\/a><\/h1>\n        \n\n        \n                      <div class=\"product-price-and-shipping\">\n              \n              \n\n              <span class=\"sr-only\">Pre\u00e7o<\/span>\n              <span itemprop=\"price\" class=\"price\">3,24\u00a0\u20ac<\/span>\n\n              \n\n              \n            <\/div>\n                  \n\n        \n          <div class=\"comments_note\">\n    <\/div>\n        \n      <\/div>\n\n      \n        <ul class=\"product-flags\">\n                  <\/ul>\n      \n\n      <!--<div class=\"highlighted-informations no-variants hidden-sm-down\">\n        \n          <a class=\"quick-view\" href=\"#\" data-link-action=\"quickview\">\n            <i class=\"material-icons search\">&#xE8B6;<\/i> Vista r\u00e1pida\n          <\/a>\n        \n\n        \n                  \n      <\/div>\n      -->\n    <\/div>\n  <\/article>\n\n      \n          \n        \n  <article class=\"product-miniature js-product-miniature\" data-id-product=\"2733\" data-id-product-attribute=\"79422\" itemscope itemtype=\"http:\/\/schema.org\/Product\">\n    <div class=\"thumbnail-container\">\n      \n        <a href=\"https:\/\/docealto.pt\/salgados-festivos\/2733-79422-quiche-de-sardinha-kg.html#\/33-peso-1_kg\" class=\"thumbnail product-thumbnail\">\n          <div class=\"mask\"><\/div>\n          <img\n            src = \"https:\/\/docealto.pt\/15314-home_default\/quiche-de-sardinha-kg.jpg\"\n            alt = \"Quiche de Sardinha (Kg)\" \n            title=\"Quiche de Sardinha (Kg)\" \n            data-full-size-image-url = \"https:\/\/docealto.pt\/15314-large_default\/quiche-de-sardinha-kg.jpg\"\n          >\n        <\/a>\n      \n\n      <div class=\"product-description\">\n        \n          <h1 class=\"h3 product-title\" itemprop=\"name\"><a href=\"https:\/\/docealto.pt\/salgados-festivos\/2733-79422-quiche-de-sardinha-kg.html#\/33-peso-1_kg\">Quiche de Sardinha (Kg)<\/a><\/h1>\n        \n\n        \n                      <div class=\"product-price-and-shipping\">\n              \n              \n\n              <span class=\"sr-only\">Pre\u00e7o<\/span>\n              <span itemprop=\"price\" class=\"price\">18,50\u00a0\u20ac<\/span>\n\n              \n\n              \n            <\/div>\n                  \n\n        \n          <div class=\"comments_note\">\n    <\/div>\n        \n      <\/div>\n\n      \n        <ul class=\"product-flags\">\n                  <\/ul>\n      \n\n      <!--<div class=\"highlighted-informations no-variants hidden-sm-down\">\n        \n          <a class=\"quick-view\" href=\"#\" data-link-action=\"quickview\">\n            <i class=\"material-icons search\">&#xE8B6;<\/i> Vista r\u00e1pida\n          <\/a>\n        \n\n        \n                  \n      <\/div>\n      -->\n    <\/div>\n  <\/article>\n\n      \n          \n        \n  <article class=\"product-miniature js-product-miniature\" data-id-product=\"2714\" data-id-product-attribute=\"78973\" itemscope itemtype=\"http:\/\/schema.org\/Product\">\n    <div class=\"thumbnail-container\">\n      \n        <a href=\"https:\/\/docealto.pt\/salgados-tipicos\/2714-78973-bola-burguer-kg.html#\/33-peso-1_kg\" class=\"thumbnail product-thumbnail\">\n          <div class=\"mask\"><\/div>\n          <img\n            src = \"https:\/\/docealto.pt\/15187-home_default\/bola-burguer-kg.jpg\"\n            alt = \"B\u00f4la Burguer (kg)\" \n            title=\"B\u00f4la Burguer (kg)\" \n            data-full-size-image-url = \"https:\/\/docealto.pt\/15187-large_default\/bola-burguer-kg.jpg\"\n          >\n        <\/a>\n      \n\n      <div class=\"product-description\">\n        \n          <h1 class=\"h3 product-title\" itemprop=\"name\"><a href=\"https:\/\/docealto.pt\/salgados-tipicos\/2714-78973-bola-burguer-kg.html#\/33-peso-1_kg\">B\u00f4la Burguer (kg)<\/a><\/h1>\n        \n\n        \n                      <div class=\"product-price-and-shipping\">\n              \n              \n\n              <span class=\"sr-only\">Pre\u00e7o<\/span>\n              <span itemprop=\"price\" class=\"price\">18,50\u00a0\u20ac<\/span>\n\n              \n\n              \n            <\/div>\n                  \n\n        \n          <div class=\"comments_note\">\n    <\/div>\n        \n      <\/div>\n\n      \n        <ul class=\"product-flags\">\n                  <\/ul>\n      \n\n      <!--<div class=\"highlighted-informations no-variants hidden-sm-down\">\n        \n          <a class=\"quick-view\" href=\"#\" data-link-action=\"quickview\">\n            <i class=\"material-icons search\">&#xE8B6;<\/i> Vista r\u00e1pida\n          <\/a>\n        \n\n        \n                  \n      <\/div>\n      -->\n    <\/div>\n  <\/article>\n\n      \n          \n        \n  <article class=\"product-miniature js-product-miniature\" data-id-product=\"2618\" data-id-product-attribute=\"0\" itemscope itemtype=\"http:\/\/schema.org\/Product\">\n    <div class=\"thumbnail-container\">\n      \n        <a href=\"https:\/\/docealto.pt\/salgadinhos\/2618-micro-pizza-un.html\" class=\"thumbnail product-thumbnail\">\n          <div class=\"mask\"><\/div>\n          <img\n            src = \"https:\/\/docealto.pt\/14648-home_default\/micro-pizza-un.jpg\"\n            alt = \"Micro Pizza (Un)\" \n            title=\"Micro Pizza (Un)\" \n            data-full-size-image-url = \"https:\/\/docealto.pt\/14648-large_default\/micro-pizza-un.jpg\"\n          >\n        <\/a>\n      \n\n      <div class=\"product-description\">\n        \n          <h1 class=\"h3 product-title\" itemprop=\"name\"><a href=\"https:\/\/docealto.pt\/salgadinhos\/2618-micro-pizza-un.html\">Micro Pizza (Un)<\/a><\/h1>\n        \n\n        \n                      <div class=\"product-price-and-shipping\">\n              \n              \n\n              <span class=\"sr-only\">Pre\u00e7o<\/span>\n              <span itemprop=\"price\" class=\"price\">0,80\u00a0\u20ac<\/span>\n\n              \n\n              \n            <\/div>\n                  \n\n        \n          <div class=\"comments_note\">\n    <\/div>\n        \n      <\/div>\n\n      \n        <ul class=\"product-flags\">\n                  <\/ul>\n      \n\n      <!--<div class=\"highlighted-informations no-variants hidden-sm-down\">\n        \n          <a class=\"quick-view\" href=\"#\" data-link-action=\"quickview\">\n            <i class=\"material-icons search\">&#xE8B6;<\/i> Vista r\u00e1pida\n          <\/a>\n        \n\n        \n                  \n      <\/div>\n      -->\n    <\/div>\n  <\/article>\n\n      \n          \n        \n  <article class=\"product-miniature js-product-miniature\" data-id-product=\"2597\" data-id-product-attribute=\"0\" itemscope itemtype=\"http:\/\/schema.org\/Product\">\n    <div class=\"thumbnail-container\">\n      \n        <a href=\"https:\/\/docealto.pt\/confeitaria\/2597--sandes-de-bife-de-frango-un.html\" class=\"thumbnail product-thumbnail\">\n          <div class=\"mask\"><\/div>\n          <img\n            src = \"https:\/\/docealto.pt\/14477-home_default\/-sandes-de-bife-de-frango-un.jpg\"\n            alt = \"Sandes Mini de Bife de...\" \n            title=\"Sandes Mini de Bife de Frango (Un)\" \n            data-full-size-image-url = \"https:\/\/docealto.pt\/14477-large_default\/-sandes-de-bife-de-frango-un.jpg\"\n          >\n        <\/a>\n      \n\n      <div class=\"product-description\">\n        \n          <h1 class=\"h3 product-title\" itemprop=\"name\"><a href=\"https:\/\/docealto.pt\/confeitaria\/2597--sandes-de-bife-de-frango-un.html\">Sandes Mini de Bife de...<\/a><\/h1>\n        \n\n        \n                      <div class=\"product-price-and-shipping\">\n              \n              \n\n              <span class=\"sr-only\">Pre\u00e7o<\/span>\n              <span itemprop=\"price\" class=\"price\">1,70\u00a0\u20ac<\/span>\n\n              \n\n              \n            <\/div>\n                  \n\n        \n          <div class=\"comments_note\">\n    <\/div>\n        \n      <\/div>\n\n      \n        <ul class=\"product-flags\">\n                  <\/ul>\n      \n\n      <!--<div class=\"highlighted-informations no-variants hidden-sm-down\">\n        \n          <a class=\"quick-view\" href=\"#\" data-link-action=\"quickview\">\n            <i class=\"material-icons search\">&#xE8B6;<\/i> Vista r\u00e1pida\n          <\/a>\n        \n\n        \n                  \n      <\/div>\n      -->\n    <\/div>\n  <\/article>\n\n      \n          \n        \n  <article class=\"product-miniature js-product-miniature\" data-id-product=\"2239\" data-id-product-attribute=\"0\" itemscope itemtype=\"http:\/\/schema.org\/Product\">\n    <div class=\"thumbnail-container\">\n      \n        <a href=\"https:\/\/docealto.pt\/iguarias\/2239-prato-de-melao-com-presunto-kg-.html\" class=\"thumbnail product-thumbnail\">\n          <div class=\"mask\"><\/div>\n          <img\n            src = \"https:\/\/docealto.pt\/12697-home_default\/prato-de-melao-com-presunto-kg-.jpg\"\n            alt = \"Prato de Mel\u00e3o com Presunto...\" \n            title=\"Prato de Mel\u00e3o com Presunto (Kg)\" \n            data-full-size-image-url = \"https:\/\/docealto.pt\/12697-large_default\/prato-de-melao-com-presunto-kg-.jpg\"\n          >\n        <\/a>\n      \n\n      <div class=\"product-description\">\n        \n          <h1 class=\"h3 product-title\" itemprop=\"name\"><a href=\"https:\/\/docealto.pt\/iguarias\/2239-prato-de-melao-com-presunto-kg-.html\">Prato de Mel\u00e3o com Presunto...<\/a><\/h1>\n        \n\n        \n                      <div class=\"product-price-and-shipping\">\n              \n              \n\n              <span class=\"sr-only\">Pre\u00e7o<\/span>\n              <span itemprop=\"price\" class=\"price\">19,00\u00a0\u20ac<\/span>\n\n              \n\n              \n            <\/div>\n                  \n\n        \n          <div class=\"comments_note\">\n    <\/div>\n        \n      <\/div>\n\n      \n        <ul class=\"product-flags\">\n                  <\/ul>\n      \n\n      <!--<div class=\"highlighted-informations no-variants hidden-sm-down\">\n        \n          <a class=\"quick-view\" href=\"#\" data-link-action=\"quickview\">\n            <i class=\"material-icons search\">&#xE8B6;<\/i> Vista r\u00e1pida\n          <\/a>\n        \n\n        \n                  \n      <\/div>\n      -->\n    <\/div>\n  <\/article>\n\n      \n          \n        \n  <article class=\"product-miniature js-product-miniature\" data-id-product=\"2574\" data-id-product-attribute=\"0\" itemscope itemtype=\"http:\/\/schema.org\/Product\">\n    <div class=\"thumbnail-container\">\n      \n        <a href=\"https:\/\/docealto.pt\/coffee-breaks-eventos\/2574-espetadas-de-fruta-fresca-un.html\" class=\"thumbnail product-thumbnail\">\n          <div class=\"mask\"><\/div>\n          <img\n            src = \"https:\/\/docealto.pt\/14353-home_default\/espetadas-de-fruta-fresca-un.jpg\"\n            alt = \"Espetadas de Fruta Fresca (Un)\" \n            title=\"Espetadas de Fruta Fresca (Un)\" \n            data-full-size-image-url = \"https:\/\/docealto.pt\/14353-large_default\/espetadas-de-fruta-fresca-un.jpg\"\n          >\n        <\/a>\n      \n\n      <div class=\"product-description\">\n        \n          <h1 class=\"h3 product-title\" itemprop=\"name\"><a href=\"https:\/\/docealto.pt\/coffee-breaks-eventos\/2574-espetadas-de-fruta-fresca-un.html\">Espetadas de Fruta Fresca (Un)<\/a><\/h1>\n        \n\n        \n                      <div class=\"product-price-and-shipping\">\n              \n              \n\n              <span class=\"sr-only\">Pre\u00e7o<\/span>\n              <span itemprop=\"price\" class=\"price\">2,50\u00a0\u20ac<\/span>\n\n              \n\n              \n            <\/div>\n                  \n\n        \n          <div class=\"comments_note\">\n    <\/div>\n        \n      <\/div>\n\n      \n        <ul class=\"product-flags\">\n                  <\/ul>\n      \n\n      <!--<div class=\"highlighted-informations no-variants hidden-sm-down\">\n        \n          <a class=\"quick-view\" href=\"#\" data-link-action=\"quickview\">\n            <i class=\"material-icons search\">&#xE8B6;<\/i> Vista r\u00e1pida\n          <\/a>\n        \n\n        \n                  \n      <\/div>\n      -->\n    <\/div>\n  <\/article>\n\n      \n      <\/div>\n\n  \n    <nav class=\"pagination\">\n  <div class=\"col-md-4\">\n    \n      Mostrando 1-24 de um total de 74 artigo(s)\n    \n  <\/div>\n\n  <div class=\"col-md-6 offset-md-2 pr-0\">\n    \n             <ul class=\"page-list clearfix text-sm-center\">\n                                          <li >\n                              <a\n                  rel=\"prev\"\n                  href=\"#\" onclick=\"window.location='https:\/\/docealto.pt\/55-coffee-breaks-eventos?page=1';\"\n                  class=\"previous disabled js-search-link\"\n                >\n                                      <i class=\"material-icons\">&#xE314;<\/i>Anterior\n                                  <\/a>\n                          <\/li>\n                      <li  class=\"current\" >\n                              <a\n                  rel=\"nofollow\"\n                  href=\"#\" onclick=\"window.location='https:\/\/docealto.pt\/55-coffee-breaks-eventos?page=1';\"\n                  class=\"disabled js-search-link\"\n                >\n                                      1\n                                                                <!---->\n                                                                              <\/a>\n                          <\/li>\n                      <li >\n                              <a\n                  rel=\"nofollow\"\n                  href=\"#\" onclick=\"window.location='https:\/\/docealto.pt\/55-coffee-breaks-eventos?page=2';\"\n                  class=\"js-search-link\"\n                >\n                                      2\n                                                                          <\/a>\n                          <\/li>\n                      <li >\n                              <a\n                  rel=\"nofollow\"\n                  href=\"#\" onclick=\"window.location='https:\/\/docealto.pt\/55-coffee-breaks-eventos?page=3';\"\n                  class=\"js-search-link\"\n                >\n                                      3\n                                                                          <\/a>\n                          <\/li>\n                      <li >\n                              <a\n                  rel=\"nofollow\"\n                  href=\"#\" onclick=\"window.location='https:\/\/docealto.pt\/55-coffee-breaks-eventos?page=4';\"\n                  class=\"js-search-link\"\n                >\n                                      4\n                                                                          <\/a>\n                          <\/li>\n                      <li >\n                              <a\n                  rel=\"next\"\n                  href=\"#\" onclick=\"window.location='https:\/\/docealto.pt\/55-coffee-breaks-eventos?page=2';\"\n                  class=\"next js-search-link\"\n                >\n                                      Pr\u00f3ximo<i class=\"material-icons\">&#xE315;<\/i>\n                                  <\/a>\n                          <\/li>\n                                    <li>\n                                        <a href=\"#\" onclick=\"window.location='https:\/\/docealto.pt\/55-coffee-breaks-eventos?page=1&resultsPerPage=74';\" class=\"js-search-link\" style=\"font-size:.9rem;letter-spacing: normal; margin-left: 10px; color:#512d1e;\">Ver tudo<\/a>\n                <\/li>\n                    <\/ul>\n          \n  <\/div>\n\n<\/nav>\n  \n\n  <div class=\"hidden-md-up text-xs-right up\">\n    <a href=\"#header\" class=\"btn btn-secondary\">\n      Voltar ao topo\n      <i class=\"material-icons\">&#xE316;<\/i>\n    <\/a>\n  <\/div>\n<\/div>\n","rendered_products_bottom":"<div id=\"js-product-list-bottom\"><\/div>\n","label":"Categoria: Coffee Breaks & Eventos","products":[{"id_product":"2969","price":"2,75\u00a0\u20ac","reference":"","active":"1","description_short":"<div class=\"std\">Espetadas de Salm\u00e3o Fumado, Queijo da Serra e Tomate Cherry.\u00a0<\/div>","link_rewrite":"espetadas-de-salmao-fumado-e-queijo-da-serra-un","name":"Espetadas de Salm\u00e3o Fumado e Queijo da Serra (Un)","manufacturer_name":null,"link":"https:\/\/docealto.pt\/coffee-breaks-eventos\/2969-espetadas-de-salmao-fumado-e-queijo-da-serra-un.html","rate":0,"tax_name":"","unit_price":"","cover":{"bySize":{"small_default":{"url":"https:\/\/docealto.pt\/16815-small_default\/espetadas-de-salmao-fumado-e-queijo-da-serra-un.jpg","width":98,"height":98},"cart_default":{"url":"https:\/\/docealto.pt\/16815-cart_default\/espetadas-de-salmao-fumado-e-queijo-da-serra-un.jpg","width":125,"height":125},"home_default":{"url":"https:\/\/docealto.pt\/16815-home_default\/espetadas-de-salmao-fumado-e-queijo-da-serra-un.jpg","width":250,"height":250},"medium_default":{"url":"https:\/\/docealto.pt\/16815-medium_default\/espetadas-de-salmao-fumado-e-queijo-da-serra-un.jpg","width":452,"height":452},"large_default":{"url":"https:\/\/docealto.pt\/16815-large_default\/espetadas-de-salmao-fumado-e-queijo-da-serra-un.jpg","width":800,"height":800}},"small":{"url":"https:\/\/docealto.pt\/16815-small_default\/espetadas-de-salmao-fumado-e-queijo-da-serra-un.jpg","width":98,"height":98},"medium":{"url":"https:\/\/docealto.pt\/16815-home_default\/espetadas-de-salmao-fumado-e-queijo-da-serra-un.jpg","width":250,"height":250},"large":{"url":"https:\/\/docealto.pt\/16815-large_default\/espetadas-de-salmao-fumado-e-queijo-da-serra-un.jpg","width":800,"height":800},"legend":"","cover":"1","id_image":"16815","position":"1","associatedVariants":[]},"url":"https:\/\/docealto.pt\/coffee-breaks-eventos\/2969-espetadas-de-salmao-fumado-e-queijo-da-serra-un.html","canonical_url":"https:\/\/docealto.pt\/coffee-breaks-eventos\/2969-espetadas-de-salmao-fumado-e-queijo-da-serra-un.html","has_discount":false,"discount_type":null,"discount_percentage":null,"discount_percentage_absolute":null,"discount_amount":null,"price_amount":2.75,"regular_price_amount":2.75,"regular_price":"2,75\u00a0\u20ac","discount_to_display":null,"add_to_cart_url":"https:\/\/docealto.pt\/carrinho?add=1&id_product=2969&id_product_attribute=0","main_variants":[],"labels":{"tax_short":"(sem IVA)","tax_long":"Sem IVA"}},{"id_product":"2968","price":"2,75\u00a0\u20ac","reference":"","active":"1","description_short":"<div class=\"std\">Espetadas de Presunto, queijo da Serra e tomate cherry.\u00a0<\/div>","link_rewrite":"espetadas-de-presunto-e-queijo-da-serra-un","name":"Espetadas de Presunto e Queijo da Serra (Un)","manufacturer_name":null,"link":"https:\/\/docealto.pt\/coffee-breaks-eventos\/2968-espetadas-de-presunto-e-queijo-da-serra-un.html","rate":0,"tax_name":"","unit_price":"","cover":{"bySize":{"small_default":{"url":"https:\/\/docealto.pt\/16812-small_default\/espetadas-de-presunto-e-queijo-da-serra-un.jpg","width":98,"height":98},"cart_default":{"url":"https:\/\/docealto.pt\/16812-cart_default\/espetadas-de-presunto-e-queijo-da-serra-un.jpg","width":125,"height":125},"home_default":{"url":"https:\/\/docealto.pt\/16812-home_default\/espetadas-de-presunto-e-queijo-da-serra-un.jpg","width":250,"height":250},"medium_default":{"url":"https:\/\/docealto.pt\/16812-medium_default\/espetadas-de-presunto-e-queijo-da-serra-un.jpg","width":452,"height":452},"large_default":{"url":"https:\/\/docealto.pt\/16812-large_default\/espetadas-de-presunto-e-queijo-da-serra-un.jpg","width":800,"height":800}},"small":{"url":"https:\/\/docealto.pt\/16812-small_default\/espetadas-de-presunto-e-queijo-da-serra-un.jpg","width":98,"height":98},"medium":{"url":"https:\/\/docealto.pt\/16812-home_default\/espetadas-de-presunto-e-queijo-da-serra-un.jpg","width":250,"height":250},"large":{"url":"https:\/\/docealto.pt\/16812-large_default\/espetadas-de-presunto-e-queijo-da-serra-un.jpg","width":800,"height":800},"legend":"","cover":"1","id_image":"16812","position":"1","associatedVariants":[]},"url":"https:\/\/docealto.pt\/coffee-breaks-eventos\/2968-espetadas-de-presunto-e-queijo-da-serra-un.html","canonical_url":"https:\/\/docealto.pt\/coffee-breaks-eventos\/2968-espetadas-de-presunto-e-queijo-da-serra-un.html","has_discount":false,"discount_type":null,"discount_percentage":null,"discount_percentage_absolute":null,"discount_amount":null,"price_amount":2.75,"regular_price_amount":2.75,"regular_price":"2,75\u00a0\u20ac","discount_to_display":null,"add_to_cart_url":"https:\/\/docealto.pt\/carrinho?add=1&id_product=2968&id_product_attribute=0","main_variants":[],"labels":{"tax_short":"(sem IVA)","tax_long":"Sem IVA"}},{"id_product":"2928","price":"3,24\u00a0\u20ac","reference":"","active":"1","description_short":"<p>P\u00e3o Folhado, Bacon, Chouri\u00e7\u00e3o, fiambre,tomate, creme de queijo e oreg\u00e3os\u00a0 . Mant\u00e9m as suas propriedades pelo menos at\u00e9 24 horas ap\u00f3s a sua confec\u00e7\u00e3o.\u00a0Pre\u00e7o para 1\/4 Kg que se traduz em cerca de 7 unidades.<\/p>","link_rewrite":"merendinhas-14kg","name":"Merendinhas (1\/4Kg)","manufacturer_name":"Produ\u00e7\u00e3o","link":"https:\/\/docealto.pt\/salgadinhos\/2928-merendinhas-14kg.html","rate":0,"tax_name":"","unit_price":"","cover":{"bySize":{"small_default":{"url":"https:\/\/docealto.pt\/16526-small_default\/merendinhas-14kg.jpg","width":98,"height":98},"cart_default":{"url":"https:\/\/docealto.pt\/16526-cart_default\/merendinhas-14kg.jpg","width":125,"height":125},"home_default":{"url":"https:\/\/docealto.pt\/16526-home_default\/merendinhas-14kg.jpg","width":250,"height":250},"medium_default":{"url":"https:\/\/docealto.pt\/16526-medium_default\/merendinhas-14kg.jpg","width":452,"height":452},"large_default":{"url":"https:\/\/docealto.pt\/16526-large_default\/merendinhas-14kg.jpg","width":800,"height":800}},"small":{"url":"https:\/\/docealto.pt\/16526-small_default\/merendinhas-14kg.jpg","width":98,"height":98},"medium":{"url":"https:\/\/docealto.pt\/16526-home_default\/merendinhas-14kg.jpg","width":250,"height":250},"large":{"url":"https:\/\/docealto.pt\/16526-large_default\/merendinhas-14kg.jpg","width":800,"height":800},"legend":"","cover":"1","id_image":"16526","position":"1","associatedVariants":[]},"url":"https:\/\/docealto.pt\/salgadinhos\/2928-84420-merendinhas-14kg.html#\/37-peso-1_4_kg","canonical_url":"https:\/\/docealto.pt\/salgadinhos\/2928-merendinhas-14kg.html","has_discount":false,"discount_type":null,"discount_percentage":null,"discount_percentage_absolute":null,"discount_amount":null,"price_amount":3.2375,"regular_price_amount":3.2375,"regular_price":"3,24\u00a0\u20ac","discount_to_display":null,"add_to_cart_url":"https:\/\/docealto.pt\/carrinho?add=1&id_product=2928&id_product_attribute=84420","main_variants":[],"labels":{"tax_short":"(sem IVA)","tax_long":"Sem IVA"}},{"id_product":"2810","price":"34,90\u00a0\u20ac","reference":"","active":"1","description_short":"<div class=\"std\">Prato de Salpic\u00e3o Fatiado.\u00a0<\/div>","link_rewrite":"prato-de-salpicao-fatiado-kg","name":"Prato de Salpic\u00e3o Fatiado (Kg)","manufacturer_name":null,"link":"https:\/\/docealto.pt\/coffee-breaks-eventos\/2810-prato-de-salpicao-fatiado-kg.html","rate":0,"tax_name":"","unit_price":"","cover":{"bySize":{"small_default":{"url":"https:\/\/docealto.pt\/15839-small_default\/prato-de-salpicao-fatiado-kg.jpg","width":98,"height":98},"cart_default":{"url":"https:\/\/docealto.pt\/15839-cart_default\/prato-de-salpicao-fatiado-kg.jpg","width":125,"height":125},"home_default":{"url":"https:\/\/docealto.pt\/15839-home_default\/prato-de-salpicao-fatiado-kg.jpg","width":250,"height":250},"medium_default":{"url":"https:\/\/docealto.pt\/15839-medium_default\/prato-de-salpicao-fatiado-kg.jpg","width":452,"height":452},"large_default":{"url":"https:\/\/docealto.pt\/15839-large_default\/prato-de-salpicao-fatiado-kg.jpg","width":800,"height":800}},"small":{"url":"https:\/\/docealto.pt\/15839-small_default\/prato-de-salpicao-fatiado-kg.jpg","width":98,"height":98},"medium":{"url":"https:\/\/docealto.pt\/15839-home_default\/prato-de-salpicao-fatiado-kg.jpg","width":250,"height":250},"large":{"url":"https:\/\/docealto.pt\/15839-large_default\/prato-de-salpicao-fatiado-kg.jpg","width":800,"height":800},"legend":"","cover":"1","id_image":"15839","position":"1","associatedVariants":[]},"url":"https:\/\/docealto.pt\/coffee-breaks-eventos\/2810-prato-de-salpicao-fatiado-kg.html","canonical_url":"https:\/\/docealto.pt\/coffee-breaks-eventos\/2810-prato-de-salpicao-fatiado-kg.html","has_discount":false,"discount_type":null,"discount_percentage":null,"discount_percentage_absolute":null,"discount_amount":null,"price_amount":34.9,"regular_price_amount":34.9,"regular_price":"34,90\u00a0\u20ac","discount_to_display":null,"add_to_cart_url":"https:\/\/docealto.pt\/carrinho?add=1&id_product=2810&id_product_attribute=0","main_variants":[],"labels":{"tax_short":"(sem IVA)","tax_long":"Sem IVA"}},{"id_product":"2809","price":"45,90\u00a0\u20ac","reference":"","active":"1","description_short":"<div class=\"std\">Prato de Presunto Fatiado .<\/div>","link_rewrite":"prato-de-presunto-fatiado-kg","name":"Prato de Presunto Fatiado (Kg)","manufacturer_name":null,"link":"https:\/\/docealto.pt\/coffee-breaks-eventos\/2809-prato-de-presunto-fatiado-kg.html","rate":0,"tax_name":"","unit_price":"","cover":{"bySize":{"small_default":{"url":"https:\/\/docealto.pt\/15833-small_default\/prato-de-presunto-fatiado-kg.jpg","width":98,"height":98},"cart_default":{"url":"https:\/\/docealto.pt\/15833-cart_default\/prato-de-presunto-fatiado-kg.jpg","width":125,"height":125},"home_default":{"url":"https:\/\/docealto.pt\/15833-home_default\/prato-de-presunto-fatiado-kg.jpg","width":250,"height":250},"medium_default":{"url":"https:\/\/docealto.pt\/15833-medium_default\/prato-de-presunto-fatiado-kg.jpg","width":452,"height":452},"large_default":{"url":"https:\/\/docealto.pt\/15833-large_default\/prato-de-presunto-fatiado-kg.jpg","width":800,"height":800}},"small":{"url":"https:\/\/docealto.pt\/15833-small_default\/prato-de-presunto-fatiado-kg.jpg","width":98,"height":98},"medium":{"url":"https:\/\/docealto.pt\/15833-home_default\/prato-de-presunto-fatiado-kg.jpg","width":250,"height":250},"large":{"url":"https:\/\/docealto.pt\/15833-large_default\/prato-de-presunto-fatiado-kg.jpg","width":800,"height":800},"legend":"","cover":"1","id_image":"15833","position":"1","associatedVariants":[]},"url":"https:\/\/docealto.pt\/coffee-breaks-eventos\/2809-prato-de-presunto-fatiado-kg.html","canonical_url":"https:\/\/docealto.pt\/coffee-breaks-eventos\/2809-prato-de-presunto-fatiado-kg.html","has_discount":false,"discount_type":null,"discount_percentage":null,"discount_percentage_absolute":null,"discount_amount":null,"price_amount":45.9,"regular_price_amount":45.9,"regular_price":"45,90\u00a0\u20ac","discount_to_display":null,"add_to_cart_url":"https:\/\/docealto.pt\/carrinho?add=1&id_product=2809&id_product_attribute=0","main_variants":[],"labels":{"tax_short":"(sem IVA)","tax_long":"Sem IVA"}},{"id_product":"2796","price":"1,70\u00a0\u20ac","reference":"","active":"1","description_short":"<p>Sandes Mini Americana<\/p>","link_rewrite":"sandes-mini-americana-un","name":"Sandes Mini Americana (Un)","manufacturer_name":"Produ\u00e7\u00e3o","link":"https:\/\/docealto.pt\/confeitaria\/2796-sandes-mini-americana-un.html","rate":0,"tax_name":"","unit_price":"","cover":{"bySize":{"small_default":{"url":"https:\/\/docealto.pt\/15750-small_default\/sandes-mini-americana-un.jpg","width":98,"height":98},"cart_default":{"url":"https:\/\/docealto.pt\/15750-cart_default\/sandes-mini-americana-un.jpg","width":125,"height":125},"home_default":{"url":"https:\/\/docealto.pt\/15750-home_default\/sandes-mini-americana-un.jpg","width":250,"height":250},"medium_default":{"url":"https:\/\/docealto.pt\/15750-medium_default\/sandes-mini-americana-un.jpg","width":452,"height":452},"large_default":{"url":"https:\/\/docealto.pt\/15750-large_default\/sandes-mini-americana-un.jpg","width":800,"height":800}},"small":{"url":"https:\/\/docealto.pt\/15750-small_default\/sandes-mini-americana-un.jpg","width":98,"height":98},"medium":{"url":"https:\/\/docealto.pt\/15750-home_default\/sandes-mini-americana-un.jpg","width":250,"height":250},"large":{"url":"https:\/\/docealto.pt\/15750-large_default\/sandes-mini-americana-un.jpg","width":800,"height":800},"legend":"","cover":"1","id_image":"15750","position":"1","associatedVariants":[]},"url":"https:\/\/docealto.pt\/confeitaria\/2796-sandes-mini-americana-un.html","canonical_url":"https:\/\/docealto.pt\/confeitaria\/2796-sandes-mini-americana-un.html","has_discount":false,"discount_type":null,"discount_percentage":null,"discount_percentage_absolute":null,"discount_amount":null,"price_amount":1.7,"regular_price_amount":1.7,"regular_price":"1,70\u00a0\u20ac","discount_to_display":null,"add_to_cart_url":"https:\/\/docealto.pt\/carrinho?add=1&id_product=2796&id_product_attribute=0","main_variants":[],"labels":{"tax_short":"(sem IVA)","tax_long":"Sem IVA"}},{"id_product":"2795","price":"2,10\u00a0\u20ac","reference":"","active":"1","description_short":"<p>Sandes Mini Sortidas\u00a0<\/p>","link_rewrite":"sandes-mini-sortidas-un","name":"Sandes Mini Sortidas (Un)","manufacturer_name":"Produ\u00e7\u00e3o","link":"https:\/\/docealto.pt\/confeitaria\/2795-sandes-mini-sortidas-un.html","rate":0,"tax_name":"","unit_price":"","cover":{"bySize":{"small_default":{"url":"https:\/\/docealto.pt\/15746-small_default\/sandes-mini-sortidas-un.jpg","width":98,"height":98},"cart_default":{"url":"https:\/\/docealto.pt\/15746-cart_default\/sandes-mini-sortidas-un.jpg","width":125,"height":125},"home_default":{"url":"https:\/\/docealto.pt\/15746-home_default\/sandes-mini-sortidas-un.jpg","width":250,"height":250},"medium_default":{"url":"https:\/\/docealto.pt\/15746-medium_default\/sandes-mini-sortidas-un.jpg","width":452,"height":452},"large_default":{"url":"https:\/\/docealto.pt\/15746-large_default\/sandes-mini-sortidas-un.jpg","width":800,"height":800}},"small":{"url":"https:\/\/docealto.pt\/15746-small_default\/sandes-mini-sortidas-un.jpg","width":98,"height":98},"medium":{"url":"https:\/\/docealto.pt\/15746-home_default\/sandes-mini-sortidas-un.jpg","width":250,"height":250},"large":{"url":"https:\/\/docealto.pt\/15746-large_default\/sandes-mini-sortidas-un.jpg","width":800,"height":800},"legend":"","cover":"1","id_image":"15746","position":"1","associatedVariants":[]},"url":"https:\/\/docealto.pt\/confeitaria\/2795-sandes-mini-sortidas-un.html","canonical_url":"https:\/\/docealto.pt\/confeitaria\/2795-sandes-mini-sortidas-un.html","has_discount":false,"discount_type":null,"discount_percentage":null,"discount_percentage_absolute":null,"discount_amount":null,"price_amount":2.1,"regular_price_amount":2.1,"regular_price":"2,10\u00a0\u20ac","discount_to_display":null,"add_to_cart_url":"https:\/\/docealto.pt\/carrinho?add=1&id_product=2795&id_product_attribute=0","main_variants":[],"labels":{"tax_short":"(sem IVA)","tax_long":"Sem IVA"}},{"id_product":"2770","price":"2,00\u00a0\u20ac","reference":"","active":"1","description_short":"<p>Sandes Mini de Presunto e Queijo da Serra<\/p>","link_rewrite":"sandes-mini-de-presunto-e-queijo-da-serra-un","name":"Sandes Mini de Presunto e Queijo da Serra (Un)","manufacturer_name":"Produ\u00e7\u00e3o","link":"https:\/\/docealto.pt\/confeitaria\/2770-sandes-mini-de-presunto-e-queijo-da-serra-un.html","rate":0,"tax_name":"","unit_price":"","cover":{"bySize":{"small_default":{"url":"https:\/\/docealto.pt\/15605-small_default\/sandes-mini-de-presunto-e-queijo-da-serra-un.jpg","width":98,"height":98},"cart_default":{"url":"https:\/\/docealto.pt\/15605-cart_default\/sandes-mini-de-presunto-e-queijo-da-serra-un.jpg","width":125,"height":125},"home_default":{"url":"https:\/\/docealto.pt\/15605-home_default\/sandes-mini-de-presunto-e-queijo-da-serra-un.jpg","width":250,"height":250},"medium_default":{"url":"https:\/\/docealto.pt\/15605-medium_default\/sandes-mini-de-presunto-e-queijo-da-serra-un.jpg","width":452,"height":452},"large_default":{"url":"https:\/\/docealto.pt\/15605-large_default\/sandes-mini-de-presunto-e-queijo-da-serra-un.jpg","width":800,"height":800}},"small":{"url":"https:\/\/docealto.pt\/15605-small_default\/sandes-mini-de-presunto-e-queijo-da-serra-un.jpg","width":98,"height":98},"medium":{"url":"https:\/\/docealto.pt\/15605-home_default\/sandes-mini-de-presunto-e-queijo-da-serra-un.jpg","width":250,"height":250},"large":{"url":"https:\/\/docealto.pt\/15605-large_default\/sandes-mini-de-presunto-e-queijo-da-serra-un.jpg","width":800,"height":800},"legend":"","cover":"1","id_image":"15605","position":"2","associatedVariants":[]},"url":"https:\/\/docealto.pt\/confeitaria\/2770-sandes-mini-de-presunto-e-queijo-da-serra-un.html","canonical_url":"https:\/\/docealto.pt\/confeitaria\/2770-sandes-mini-de-presunto-e-queijo-da-serra-un.html","has_discount":false,"discount_type":null,"discount_percentage":null,"discount_percentage_absolute":null,"discount_amount":null,"price_amount":2,"regular_price_amount":2,"regular_price":"2,00\u00a0\u20ac","discount_to_display":null,"add_to_cart_url":"https:\/\/docealto.pt\/carrinho?add=1&id_product=2770&id_product_attribute=0","main_variants":[],"labels":{"tax_short":"(sem IVA)","tax_long":"Sem IVA"}},{"id_product":"2769","price":"1,70\u00a0\u20ac","reference":"","active":"1","description_short":"<p>Sandes Mini de Atum\u00a0<\/p>","link_rewrite":"sandes-mini-de-atum-un","name":"Sandes Mini de Atum (Un)","manufacturer_name":"Produ\u00e7\u00e3o","link":"https:\/\/docealto.pt\/confeitaria\/2769-sandes-mini-de-atum-un.html","rate":0,"tax_name":"","unit_price":"","cover":{"bySize":{"small_default":{"url":"https:\/\/docealto.pt\/15594-small_default\/sandes-mini-de-atum-un.jpg","width":98,"height":98},"cart_default":{"url":"https:\/\/docealto.pt\/15594-cart_default\/sandes-mini-de-atum-un.jpg","width":125,"height":125},"home_default":{"url":"https:\/\/docealto.pt\/15594-home_default\/sandes-mini-de-atum-un.jpg","width":250,"height":250},"medium_default":{"url":"https:\/\/docealto.pt\/15594-medium_default\/sandes-mini-de-atum-un.jpg","width":452,"height":452},"large_default":{"url":"https:\/\/docealto.pt\/15594-large_default\/sandes-mini-de-atum-un.jpg","width":800,"height":800}},"small":{"url":"https:\/\/docealto.pt\/15594-small_default\/sandes-mini-de-atum-un.jpg","width":98,"height":98},"medium":{"url":"https:\/\/docealto.pt\/15594-home_default\/sandes-mini-de-atum-un.jpg","width":250,"height":250},"large":{"url":"https:\/\/docealto.pt\/15594-large_default\/sandes-mini-de-atum-un.jpg","width":800,"height":800},"legend":"","cover":"1","id_image":"15594","position":"1","associatedVariants":[]},"url":"https:\/\/docealto.pt\/confeitaria\/2769-sandes-mini-de-atum-un.html","canonical_url":"https:\/\/docealto.pt\/confeitaria\/2769-sandes-mini-de-atum-un.html","has_discount":false,"discount_type":null,"discount_percentage":null,"discount_percentage_absolute":null,"discount_amount":null,"price_amount":1.7,"regular_price_amount":1.7,"regular_price":"1,70\u00a0\u20ac","discount_to_display":null,"add_to_cart_url":"https:\/\/docealto.pt\/carrinho?add=1&id_product=2769&id_product_attribute=0","main_variants":[],"labels":{"tax_short":"(sem IVA)","tax_long":"Sem IVA"}},{"id_product":"2768","price":"2,10\u00a0\u20ac","reference":"","active":"1","description_short":"<p>Sandes Mini de Salm\u00e3o Fumado e Creme de Queijo<\/p>","link_rewrite":"sandes-mini-de-salmao-fumado-e-creme-de-queijo-un","name":"Sandes Mini de Salm\u00e3o Fumado e Creme de Queijo (Un)","manufacturer_name":"Produ\u00e7\u00e3o","link":"https:\/\/docealto.pt\/confeitaria\/2768-sandes-mini-de-salmao-fumado-e-creme-de-queijo-un.html","rate":0,"tax_name":"","unit_price":"","cover":{"bySize":{"small_default":{"url":"https:\/\/docealto.pt\/15589-small_default\/sandes-mini-de-salmao-fumado-e-creme-de-queijo-un.jpg","width":98,"height":98},"cart_default":{"url":"https:\/\/docealto.pt\/15589-cart_default\/sandes-mini-de-salmao-fumado-e-creme-de-queijo-un.jpg","width":125,"height":125},"home_default":{"url":"https:\/\/docealto.pt\/15589-home_default\/sandes-mini-de-salmao-fumado-e-creme-de-queijo-un.jpg","width":250,"height":250},"medium_default":{"url":"https:\/\/docealto.pt\/15589-medium_default\/sandes-mini-de-salmao-fumado-e-creme-de-queijo-un.jpg","width":452,"height":452},"large_default":{"url":"https:\/\/docealto.pt\/15589-large_default\/sandes-mini-de-salmao-fumado-e-creme-de-queijo-un.jpg","width":800,"height":800}},"small":{"url":"https:\/\/docealto.pt\/15589-small_default\/sandes-mini-de-salmao-fumado-e-creme-de-queijo-un.jpg","width":98,"height":98},"medium":{"url":"https:\/\/docealto.pt\/15589-home_default\/sandes-mini-de-salmao-fumado-e-creme-de-queijo-un.jpg","width":250,"height":250},"large":{"url":"https:\/\/docealto.pt\/15589-large_default\/sandes-mini-de-salmao-fumado-e-creme-de-queijo-un.jpg","width":800,"height":800},"legend":"","cover":"1","id_image":"15589","position":"1","associatedVariants":[]},"url":"https:\/\/docealto.pt\/confeitaria\/2768-sandes-mini-de-salmao-fumado-e-creme-de-queijo-un.html","canonical_url":"https:\/\/docealto.pt\/confeitaria\/2768-sandes-mini-de-salmao-fumado-e-creme-de-queijo-un.html","has_discount":false,"discount_type":null,"discount_percentage":null,"discount_percentage_absolute":null,"discount_amount":null,"price_amount":2.1,"regular_price_amount":2.1,"regular_price":"2,10\u00a0\u20ac","discount_to_display":null,"add_to_cart_url":"https:\/\/docealto.pt\/carrinho?add=1&id_product=2768&id_product_attribute=0","main_variants":[],"labels":{"tax_short":"(sem IVA)","tax_long":"Sem IVA"}},{"id_product":"2767","price":"1,70\u00a0\u20ac","reference":"","active":"1","description_short":"<p>Sandes Mini de Isca<\/p>","link_rewrite":"sandes-mini-de-isca-un","name":"Sandes Mini de Isca (Un)","manufacturer_name":"Produ\u00e7\u00e3o","link":"https:\/\/docealto.pt\/confeitaria\/2767-sandes-mini-de-isca-un.html","rate":0,"tax_name":"","unit_price":"","cover":{"bySize":{"small_default":{"url":"https:\/\/docealto.pt\/15580-small_default\/sandes-mini-de-isca-un.jpg","width":98,"height":98},"cart_default":{"url":"https:\/\/docealto.pt\/15580-cart_default\/sandes-mini-de-isca-un.jpg","width":125,"height":125},"home_default":{"url":"https:\/\/docealto.pt\/15580-home_default\/sandes-mini-de-isca-un.jpg","width":250,"height":250},"medium_default":{"url":"https:\/\/docealto.pt\/15580-medium_default\/sandes-mini-de-isca-un.jpg","width":452,"height":452},"large_default":{"url":"https:\/\/docealto.pt\/15580-large_default\/sandes-mini-de-isca-un.jpg","width":800,"height":800}},"small":{"url":"https:\/\/docealto.pt\/15580-small_default\/sandes-mini-de-isca-un.jpg","width":98,"height":98},"medium":{"url":"https:\/\/docealto.pt\/15580-home_default\/sandes-mini-de-isca-un.jpg","width":250,"height":250},"large":{"url":"https:\/\/docealto.pt\/15580-large_default\/sandes-mini-de-isca-un.jpg","width":800,"height":800},"legend":"","cover":"1","id_image":"15580","position":"1","associatedVariants":[]},"url":"https:\/\/docealto.pt\/confeitaria\/2767-sandes-mini-de-isca-un.html","canonical_url":"https:\/\/docealto.pt\/confeitaria\/2767-sandes-mini-de-isca-un.html","has_discount":false,"discount_type":null,"discount_percentage":null,"discount_percentage_absolute":null,"discount_amount":null,"price_amount":1.7,"regular_price_amount":1.7,"regular_price":"1,70\u00a0\u20ac","discount_to_display":null,"add_to_cart_url":"https:\/\/docealto.pt\/carrinho?add=1&id_product=2767&id_product_attribute=0","main_variants":[],"labels":{"tax_short":"(sem IVA)","tax_long":"Sem IVA"}},{"id_product":"2766","price":"1,60\u00a0\u20ac","reference":"","active":"1","description_short":"<p>Sandes Mini de Queijo<\/p>","link_rewrite":"sandes-mini-de-queijo-un","name":"Sandes Mini de Queijo (Un)","manufacturer_name":"Produ\u00e7\u00e3o","link":"https:\/\/docealto.pt\/confeitaria\/2766-sandes-mini-de-queijo-un.html","rate":0,"tax_name":"","unit_price":"","cover":{"bySize":{"small_default":{"url":"https:\/\/docealto.pt\/15573-small_default\/sandes-mini-de-queijo-un.jpg","width":98,"height":98},"cart_default":{"url":"https:\/\/docealto.pt\/15573-cart_default\/sandes-mini-de-queijo-un.jpg","width":125,"height":125},"home_default":{"url":"https:\/\/docealto.pt\/15573-home_default\/sandes-mini-de-queijo-un.jpg","width":250,"height":250},"medium_default":{"url":"https:\/\/docealto.pt\/15573-medium_default\/sandes-mini-de-queijo-un.jpg","width":452,"height":452},"large_default":{"url":"https:\/\/docealto.pt\/15573-large_default\/sandes-mini-de-queijo-un.jpg","width":800,"height":800}},"small":{"url":"https:\/\/docealto.pt\/15573-small_default\/sandes-mini-de-queijo-un.jpg","width":98,"height":98},"medium":{"url":"https:\/\/docealto.pt\/15573-home_default\/sandes-mini-de-queijo-un.jpg","width":250,"height":250},"large":{"url":"https:\/\/docealto.pt\/15573-large_default\/sandes-mini-de-queijo-un.jpg","width":800,"height":800},"legend":"","cover":"1","id_image":"15573","position":"1","associatedVariants":[]},"url":"https:\/\/docealto.pt\/confeitaria\/2766-sandes-mini-de-queijo-un.html","canonical_url":"https:\/\/docealto.pt\/confeitaria\/2766-sandes-mini-de-queijo-un.html","has_discount":false,"discount_type":null,"discount_percentage":null,"discount_percentage_absolute":null,"discount_amount":null,"price_amount":1.6,"regular_price_amount":1.6,"regular_price":"1,60\u00a0\u20ac","discount_to_display":null,"add_to_cart_url":"https:\/\/docealto.pt\/carrinho?add=1&id_product=2766&id_product_attribute=0","main_variants":[],"labels":{"tax_short":"(sem IVA)","tax_long":"Sem IVA"}},{"id_product":"2765","price":"1,60\u00a0\u20ac","reference":"","active":"1","description_short":"<p>Sandes Mini de Fiambre<\/p>","link_rewrite":"sandes-mini-de-fiambre-un","name":"Sandes Mini de Fiambre (Un)","manufacturer_name":"Produ\u00e7\u00e3o","link":"https:\/\/docealto.pt\/confeitaria\/2765-sandes-mini-de-fiambre-un.html","rate":0,"tax_name":"","unit_price":"","cover":{"bySize":{"small_default":{"url":"https:\/\/docealto.pt\/15566-small_default\/sandes-mini-de-fiambre-un.jpg","width":98,"height":98},"cart_default":{"url":"https:\/\/docealto.pt\/15566-cart_default\/sandes-mini-de-fiambre-un.jpg","width":125,"height":125},"home_default":{"url":"https:\/\/docealto.pt\/15566-home_default\/sandes-mini-de-fiambre-un.jpg","width":250,"height":250},"medium_default":{"url":"https:\/\/docealto.pt\/15566-medium_default\/sandes-mini-de-fiambre-un.jpg","width":452,"height":452},"large_default":{"url":"https:\/\/docealto.pt\/15566-large_default\/sandes-mini-de-fiambre-un.jpg","width":800,"height":800}},"small":{"url":"https:\/\/docealto.pt\/15566-small_default\/sandes-mini-de-fiambre-un.jpg","width":98,"height":98},"medium":{"url":"https:\/\/docealto.pt\/15566-home_default\/sandes-mini-de-fiambre-un.jpg","width":250,"height":250},"large":{"url":"https:\/\/docealto.pt\/15566-large_default\/sandes-mini-de-fiambre-un.jpg","width":800,"height":800},"legend":"","cover":"1","id_image":"15566","position":"1","associatedVariants":[]},"url":"https:\/\/docealto.pt\/confeitaria\/2765-sandes-mini-de-fiambre-un.html","canonical_url":"https:\/\/docealto.pt\/confeitaria\/2765-sandes-mini-de-fiambre-un.html","has_discount":false,"discount_type":null,"discount_percentage":null,"discount_percentage_absolute":null,"discount_amount":null,"price_amount":1.6,"regular_price_amount":1.6,"regular_price":"1,60\u00a0\u20ac","discount_to_display":null,"add_to_cart_url":"https:\/\/docealto.pt\/carrinho?add=1&id_product=2765&id_product_attribute=0","main_variants":[],"labels":{"tax_short":"(sem IVA)","tax_long":"Sem IVA"}},{"id_product":"2764","price":"1,70\u00a0\u20ac","reference":"","active":"1","description_short":"<p>Prato de Croissants Mini com queijo<\/p>","link_rewrite":"croissants-mini-com-queijo-un","name":"Croissants Mini com Queijo (Un)","manufacturer_name":"Produ\u00e7\u00e3o","link":"https:\/\/docealto.pt\/confeitaria\/2764-croissants-mini-com-queijo-un.html","rate":0,"tax_name":"","unit_price":"","cover":{"bySize":{"small_default":{"url":"https:\/\/docealto.pt\/15582-small_default\/croissants-mini-com-queijo-un.jpg","width":98,"height":98},"cart_default":{"url":"https:\/\/docealto.pt\/15582-cart_default\/croissants-mini-com-queijo-un.jpg","width":125,"height":125},"home_default":{"url":"https:\/\/docealto.pt\/15582-home_default\/croissants-mini-com-queijo-un.jpg","width":250,"height":250},"medium_default":{"url":"https:\/\/docealto.pt\/15582-medium_default\/croissants-mini-com-queijo-un.jpg","width":452,"height":452},"large_default":{"url":"https:\/\/docealto.pt\/15582-large_default\/croissants-mini-com-queijo-un.jpg","width":800,"height":800}},"small":{"url":"https:\/\/docealto.pt\/15582-small_default\/croissants-mini-com-queijo-un.jpg","width":98,"height":98},"medium":{"url":"https:\/\/docealto.pt\/15582-home_default\/croissants-mini-com-queijo-un.jpg","width":250,"height":250},"large":{"url":"https:\/\/docealto.pt\/15582-large_default\/croissants-mini-com-queijo-un.jpg","width":800,"height":800},"legend":"","cover":"1","id_image":"15582","position":"1","associatedVariants":[]},"url":"https:\/\/docealto.pt\/confeitaria\/2764-croissants-mini-com-queijo-un.html","canonical_url":"https:\/\/docealto.pt\/confeitaria\/2764-croissants-mini-com-queijo-un.html","has_discount":false,"discount_type":null,"discount_percentage":null,"discount_percentage_absolute":null,"discount_amount":null,"price_amount":1.7,"regular_price_amount":1.7,"regular_price":"1,70\u00a0\u20ac","discount_to_display":null,"add_to_cart_url":"https:\/\/docealto.pt\/carrinho?add=1&id_product=2764&id_product_attribute=0","main_variants":[],"labels":{"tax_short":"(sem IVA)","tax_long":"Sem IVA"}},{"id_product":"2763","price":"1,50\u00a0\u20ac","reference":"","active":"1","description_short":"<div class=\"std\">\n<div class=\"std\">\n<div class=\"std\">\n<div class=\"std\">\n<div class=\"std\">\n<div class=\"std\">\n<div class=\"std\">\n<div class=\"std\">Fritos Sortidos\u00a0<\/div>\n<\/div>\n<\/div>\n<\/div>\n<\/div>\n<\/div>\n<\/div>\n<\/div>","link_rewrite":"fritos-sortidos-un","name":"Fritos Sortidos (Un)","manufacturer_name":null,"link":"https:\/\/docealto.pt\/inicio\/2763-fritos-sortidos-un.html","rate":0,"tax_name":"","unit_price":"","cover":{"bySize":{"small_default":{"url":"https:\/\/docealto.pt\/15557-small_default\/fritos-sortidos-un.jpg","width":98,"height":98},"cart_default":{"url":"https:\/\/docealto.pt\/15557-cart_default\/fritos-sortidos-un.jpg","width":125,"height":125},"home_default":{"url":"https:\/\/docealto.pt\/15557-home_default\/fritos-sortidos-un.jpg","width":250,"height":250},"medium_default":{"url":"https:\/\/docealto.pt\/15557-medium_default\/fritos-sortidos-un.jpg","width":452,"height":452},"large_default":{"url":"https:\/\/docealto.pt\/15557-large_default\/fritos-sortidos-un.jpg","width":800,"height":800}},"small":{"url":"https:\/\/docealto.pt\/15557-small_default\/fritos-sortidos-un.jpg","width":98,"height":98},"medium":{"url":"https:\/\/docealto.pt\/15557-home_default\/fritos-sortidos-un.jpg","width":250,"height":250},"large":{"url":"https:\/\/docealto.pt\/15557-large_default\/fritos-sortidos-un.jpg","width":800,"height":800},"legend":"","cover":"1","id_image":"15557","position":"1","associatedVariants":[]},"url":"https:\/\/docealto.pt\/inicio\/2763-fritos-sortidos-un.html","canonical_url":"https:\/\/docealto.pt\/inicio\/2763-fritos-sortidos-un.html","has_discount":false,"discount_type":null,"discount_percentage":null,"discount_percentage_absolute":null,"discount_amount":null,"price_amount":1.5,"regular_price_amount":1.5,"regular_price":"1,50\u00a0\u20ac","discount_to_display":null,"add_to_cart_url":"https:\/\/docealto.pt\/carrinho?add=1&id_product=2763&id_product_attribute=0","main_variants":[],"labels":{"tax_short":"(sem IVA)","tax_long":"Sem IVA"}},{"id_product":"2762","price":"1,70\u00a0\u20ac","reference":"","active":"1","description_short":"<p>\u00a0Mini Sandes Panado<\/p>","link_rewrite":"-sandes-panado-un","name":"Sandes Mini Panado (Un)","manufacturer_name":"Produ\u00e7\u00e3o","link":"https:\/\/docealto.pt\/confeitaria\/2762--sandes-panado-un.html","rate":0,"tax_name":"","unit_price":"","cover":{"bySize":{"small_default":{"url":"https:\/\/docealto.pt\/15554-small_default\/-sandes-panado-un.jpg","width":98,"height":98},"cart_default":{"url":"https:\/\/docealto.pt\/15554-cart_default\/-sandes-panado-un.jpg","width":125,"height":125},"home_default":{"url":"https:\/\/docealto.pt\/15554-home_default\/-sandes-panado-un.jpg","width":250,"height":250},"medium_default":{"url":"https:\/\/docealto.pt\/15554-medium_default\/-sandes-panado-un.jpg","width":452,"height":452},"large_default":{"url":"https:\/\/docealto.pt\/15554-large_default\/-sandes-panado-un.jpg","width":800,"height":800}},"small":{"url":"https:\/\/docealto.pt\/15554-small_default\/-sandes-panado-un.jpg","width":98,"height":98},"medium":{"url":"https:\/\/docealto.pt\/15554-home_default\/-sandes-panado-un.jpg","width":250,"height":250},"large":{"url":"https:\/\/docealto.pt\/15554-large_default\/-sandes-panado-un.jpg","width":800,"height":800},"legend":"","cover":"1","id_image":"15554","position":"1","associatedVariants":[]},"url":"https:\/\/docealto.pt\/confeitaria\/2762--sandes-panado-un.html","canonical_url":"https:\/\/docealto.pt\/confeitaria\/2762--sandes-panado-un.html","has_discount":false,"discount_type":null,"discount_percentage":null,"discount_percentage_absolute":null,"discount_amount":null,"price_amount":1.7,"regular_price_amount":1.7,"regular_price":"1,70\u00a0\u20ac","discount_to_display":null,"add_to_cart_url":"https:\/\/docealto.pt\/carrinho?add=1&id_product=2762&id_product_attribute=0","main_variants":[],"labels":{"tax_short":"(sem IVA)","tax_long":"Sem IVA"}},{"id_product":"1188","price":"9,23\u00a0\u20ac","reference":"","active":"1","description_short":"<div class=\"std\">\n<div class=\"std\">\n<div class=\"std\">\n<div class=\"std\">\n<div class=\"std\">As Castanhas de Ovos, um doce t\u00edpico de Viseu, s\u00e3o uma especialidade da Doce Alto que vai a tostar ao forno e que resulta de uma mistura perfeita de ovos, a\u00e7\u00facar e farinha. Pequenas e bonitas, algumas cobertas com missangas de chocolate, far\u00e3o as del\u00edcias de mi\u00fados e gra\u00fados!\u00a0<\/div>\n<div class=\"std\"><\/div>\n<div class=\"std\">Mant\u00e9m as suas propriedades pelo menos at\u00e9 4 dias ap\u00f3s a sua confec\u00e7\u00e3o. O pre\u00e7o indicado \u00e9 para 1\/4 kg que se traduz em cerca de 6 unidades.<\/div>\n<\/div>\n<\/div>\n<\/div>\n<\/div>","link_rewrite":"castanhas-de-ovos-14-kg","name":"Castanhas de Ovos (1\/4 Kg)","manufacturer_name":"Produ\u00e7\u00e3o","link":"https:\/\/docealto.pt\/especialidades\/1188-castanhas-de-ovos-14-kg.html","rate":0,"tax_name":"","unit_price":"","cover":{"bySize":{"small_default":{"url":"https:\/\/docealto.pt\/6764-small_default\/castanhas-de-ovos-14-kg.jpg","width":98,"height":98},"cart_default":{"url":"https:\/\/docealto.pt\/6764-cart_default\/castanhas-de-ovos-14-kg.jpg","width":125,"height":125},"home_default":{"url":"https:\/\/docealto.pt\/6764-home_default\/castanhas-de-ovos-14-kg.jpg","width":250,"height":250},"medium_default":{"url":"https:\/\/docealto.pt\/6764-medium_default\/castanhas-de-ovos-14-kg.jpg","width":452,"height":452},"large_default":{"url":"https:\/\/docealto.pt\/6764-large_default\/castanhas-de-ovos-14-kg.jpg","width":800,"height":800}},"small":{"url":"https:\/\/docealto.pt\/6764-small_default\/castanhas-de-ovos-14-kg.jpg","width":98,"height":98},"medium":{"url":"https:\/\/docealto.pt\/6764-home_default\/castanhas-de-ovos-14-kg.jpg","width":250,"height":250},"large":{"url":"https:\/\/docealto.pt\/6764-large_default\/castanhas-de-ovos-14-kg.jpg","width":800,"height":800},"legend":"","cover":"1","id_image":"6764","position":"1","associatedVariants":[]},"url":"https:\/\/docealto.pt\/especialidades\/1188-58152-castanhas-de-ovos-14-kg.html#\/37-peso-1_4_kg","canonical_url":"https:\/\/docealto.pt\/especialidades\/1188-castanhas-de-ovos-14-kg.html","has_discount":false,"discount_type":null,"discount_percentage":null,"discount_percentage_absolute":null,"discount_amount":null,"price_amount":9.225,"regular_price_amount":9.225,"regular_price":"9,23\u00a0\u20ac","discount_to_display":null,"add_to_cart_url":"https:\/\/docealto.pt\/carrinho?add=1&id_product=1188&id_product_attribute=58152","main_variants":[],"labels":{"tax_short":"(sem IVA)","tax_long":"Sem IVA"}},{"id_product":"1372","price":"3,24\u00a0\u20ac","reference":"","active":"1","description_short":"<div class=\"std\">Croissants simples em miniatura.\u00a0Mant\u00e9m as suas propriedades pelo menos at\u00e9 24 horas ap\u00f3s a sua confec\u00e7\u00e3o. Pre\u00e7o para 1\/4 Kg que se traduz em cerca de 8 unidades.<br \/><br \/>\n<p><strong>Alerg\u00e9nios:<br \/><\/strong><img src=\"https:\/\/www.docealto.pt\/old_site\/media\/wysiwyg\/croissant_simples.jpg\" alt=\"\" \/><br \/><strong>Cont\u00e9m:<\/strong> Gl\u00faten, Ovos, Soja, Leite<\/p>\n<\/div>","link_rewrite":"croissants-minis-","name":"Croissants Minis","manufacturer_name":"Produ\u00e7\u00e3o","link":"https:\/\/docealto.pt\/doces\/1372-croissants-minis-.html","rate":0,"tax_name":"","unit_price":"","cover":{"bySize":{"small_default":{"url":"https:\/\/docealto.pt\/7527-small_default\/croissants-minis-.jpg","width":98,"height":98},"cart_default":{"url":"https:\/\/docealto.pt\/7527-cart_default\/croissants-minis-.jpg","width":125,"height":125},"home_default":{"url":"https:\/\/docealto.pt\/7527-home_default\/croissants-minis-.jpg","width":250,"height":250},"medium_default":{"url":"https:\/\/docealto.pt\/7527-medium_default\/croissants-minis-.jpg","width":452,"height":452},"large_default":{"url":"https:\/\/docealto.pt\/7527-large_default\/croissants-minis-.jpg","width":800,"height":800}},"small":{"url":"https:\/\/docealto.pt\/7527-small_default\/croissants-minis-.jpg","width":98,"height":98},"medium":{"url":"https:\/\/docealto.pt\/7527-home_default\/croissants-minis-.jpg","width":250,"height":250},"large":{"url":"https:\/\/docealto.pt\/7527-large_default\/croissants-minis-.jpg","width":800,"height":800},"legend":"","cover":"1","id_image":"7527","position":"1","associatedVariants":[]},"url":"https:\/\/docealto.pt\/doces\/1372-82597-croissants-minis-.html#\/37-peso-1_4_kg","canonical_url":"https:\/\/docealto.pt\/doces\/1372-croissants-minis-.html","has_discount":false,"discount_type":null,"discount_percentage":null,"discount_percentage_absolute":null,"discount_amount":null,"price_amount":3.2375,"regular_price_amount":3.2375,"regular_price":"3,24\u00a0\u20ac","discount_to_display":null,"add_to_cart_url":"https:\/\/docealto.pt\/carrinho?add=1&id_product=1372&id_product_attribute=82597","main_variants":[],"labels":{"tax_short":"(sem IVA)","tax_long":"Sem IVA"}},{"id_product":"2733","price":"18,50\u00a0\u20ac","reference":"","active":"1","description_short":"<p>Quiche de Sardinha. Base em massa quebrada com recheio de natas frescas, sardinha, cebola e pimentos.<\/p>\n<p>Uma quiche inteira ter\u00e1 1,5 kg aproximadamente.<\/p>","link_rewrite":"quiche-de-sardinha-kg","name":"Quiche de Sardinha (Kg)","manufacturer_name":"Produ\u00e7\u00e3o","link":"https:\/\/docealto.pt\/salgados-festivos\/2733-quiche-de-sardinha-kg.html","rate":0,"tax_name":"","unit_price":"","cover":{"bySize":{"small_default":{"url":"https:\/\/docealto.pt\/15314-small_default\/quiche-de-sardinha-kg.jpg","width":98,"height":98},"cart_default":{"url":"https:\/\/docealto.pt\/15314-cart_default\/quiche-de-sardinha-kg.jpg","width":125,"height":125},"home_default":{"url":"https:\/\/docealto.pt\/15314-home_default\/quiche-de-sardinha-kg.jpg","width":250,"height":250},"medium_default":{"url":"https:\/\/docealto.pt\/15314-medium_default\/quiche-de-sardinha-kg.jpg","width":452,"height":452},"large_default":{"url":"https:\/\/docealto.pt\/15314-large_default\/quiche-de-sardinha-kg.jpg","width":800,"height":800}},"small":{"url":"https:\/\/docealto.pt\/15314-small_default\/quiche-de-sardinha-kg.jpg","width":98,"height":98},"medium":{"url":"https:\/\/docealto.pt\/15314-home_default\/quiche-de-sardinha-kg.jpg","width":250,"height":250},"large":{"url":"https:\/\/docealto.pt\/15314-large_default\/quiche-de-sardinha-kg.jpg","width":800,"height":800},"legend":"","cover":"1","id_image":"15314","position":"1","associatedVariants":[]},"url":"https:\/\/docealto.pt\/salgados-festivos\/2733-79422-quiche-de-sardinha-kg.html#\/33-peso-1_kg","canonical_url":"https:\/\/docealto.pt\/salgados-festivos\/2733-quiche-de-sardinha-kg.html","has_discount":false,"discount_type":null,"discount_percentage":null,"discount_percentage_absolute":null,"discount_amount":null,"price_amount":18.5,"regular_price_amount":18.5,"regular_price":"18,50\u00a0\u20ac","discount_to_display":null,"add_to_cart_url":"https:\/\/docealto.pt\/carrinho?add=1&id_product=2733&id_product_attribute=79422","main_variants":[],"labels":{"tax_short":"(sem IVA)","tax_long":"Sem IVA"}},{"id_product":"2714","price":"18,50\u00a0\u20ac","reference":"","active":"1","description_short":"<p>Massa de brioche com recheio de carne picada, pickles, cebola, azeitona, queijo cheddar e ketchup picante.\u00a0Pode ser pedida em prato j\u00e1 cortada em cubos pronta a comer (indicar nas observa\u00e7\u00f5es da encomenda). Mant\u00e9m as suas propriedades pelo menos at\u00e9 2 dias ap\u00f3s a sua confec\u00e7\u00e3o. O pre\u00e7o indicado \u00e9 para 1 Kg. Aconselhamos um m\u00ednimo de 200 grs. por pessoa.<\/p>","link_rewrite":"bola-burguer-kg","name":"B\u00f4la Burguer (kg)","manufacturer_name":"Padaria","link":"https:\/\/docealto.pt\/salgados-tipicos\/2714-bola-burguer-kg.html","rate":0,"tax_name":"","unit_price":"","cover":{"bySize":{"small_default":{"url":"https:\/\/docealto.pt\/15187-small_default\/bola-burguer-kg.jpg","width":98,"height":98},"cart_default":{"url":"https:\/\/docealto.pt\/15187-cart_default\/bola-burguer-kg.jpg","width":125,"height":125},"home_default":{"url":"https:\/\/docealto.pt\/15187-home_default\/bola-burguer-kg.jpg","width":250,"height":250},"medium_default":{"url":"https:\/\/docealto.pt\/15187-medium_default\/bola-burguer-kg.jpg","width":452,"height":452},"large_default":{"url":"https:\/\/docealto.pt\/15187-large_default\/bola-burguer-kg.jpg","width":800,"height":800}},"small":{"url":"https:\/\/docealto.pt\/15187-small_default\/bola-burguer-kg.jpg","width":98,"height":98},"medium":{"url":"https:\/\/docealto.pt\/15187-home_default\/bola-burguer-kg.jpg","width":250,"height":250},"large":{"url":"https:\/\/docealto.pt\/15187-large_default\/bola-burguer-kg.jpg","width":800,"height":800},"legend":"","cover":"1","id_image":"15187","position":"1","associatedVariants":[]},"url":"https:\/\/docealto.pt\/salgados-tipicos\/2714-78973-bola-burguer-kg.html#\/33-peso-1_kg","canonical_url":"https:\/\/docealto.pt\/salgados-tipicos\/2714-bola-burguer-kg.html","has_discount":false,"discount_type":null,"discount_percentage":null,"discount_percentage_absolute":null,"discount_amount":null,"price_amount":18.5,"regular_price_amount":18.5,"regular_price":"18,50\u00a0\u20ac","discount_to_display":null,"add_to_cart_url":"https:\/\/docealto.pt\/carrinho?add=1&id_product=2714&id_product_attribute=78973","main_variants":[],"labels":{"tax_short":"(sem IVA)","tax_long":"Sem IVA"}},{"id_product":"2618","price":"0,80\u00a0\u20ac","reference":"","active":"1","description_short":"<p>As micropizzas s\u00e3o uma vers\u00e3o ador\u00e1vel e deliciosa da pizza cl\u00e1ssica em miniatura, perfeitas para servir como petisco em festas, como entrada em almo\u00e7os\/jantares ou simplesmente para satisfazer um desejo por pizza de forma r\u00e1pida e pr\u00e1tica.<br \/><br \/>Elas consistem em pequenos discos de massa de pizza, base de tomate e cobertas de carnes variadas e queijo.<\/p>","link_rewrite":"micro-pizza-un","name":"Micro Pizza (Un)","manufacturer_name":"Produ\u00e7\u00e3o","link":"https:\/\/docealto.pt\/salgadinhos\/2618-micro-pizza-un.html","rate":0,"tax_name":"","unit_price":"","cover":{"bySize":{"small_default":{"url":"https:\/\/docealto.pt\/14648-small_default\/micro-pizza-un.jpg","width":98,"height":98},"cart_default":{"url":"https:\/\/docealto.pt\/14648-cart_default\/micro-pizza-un.jpg","width":125,"height":125},"home_default":{"url":"https:\/\/docealto.pt\/14648-home_default\/micro-pizza-un.jpg","width":250,"height":250},"medium_default":{"url":"https:\/\/docealto.pt\/14648-medium_default\/micro-pizza-un.jpg","width":452,"height":452},"large_default":{"url":"https:\/\/docealto.pt\/14648-large_default\/micro-pizza-un.jpg","width":800,"height":800}},"small":{"url":"https:\/\/docealto.pt\/14648-small_default\/micro-pizza-un.jpg","width":98,"height":98},"medium":{"url":"https:\/\/docealto.pt\/14648-home_default\/micro-pizza-un.jpg","width":250,"height":250},"large":{"url":"https:\/\/docealto.pt\/14648-large_default\/micro-pizza-un.jpg","width":800,"height":800},"legend":"","cover":"1","id_image":"14648","position":"1","associatedVariants":[]},"url":"https:\/\/docealto.pt\/salgadinhos\/2618-micro-pizza-un.html","canonical_url":"https:\/\/docealto.pt\/salgadinhos\/2618-micro-pizza-un.html","has_discount":false,"discount_type":null,"discount_percentage":null,"discount_percentage_absolute":null,"discount_amount":null,"price_amount":0.8,"regular_price_amount":0.8,"regular_price":"0,80\u00a0\u20ac","discount_to_display":null,"add_to_cart_url":"https:\/\/docealto.pt\/carrinho?add=1&id_product=2618&id_product_attribute=0","main_variants":[],"labels":{"tax_short":"(sem IVA)","tax_long":"Sem IVA"}},{"id_product":"2597","price":"1,70\u00a0\u20ac","reference":"","active":"1","description_short":"<p>Mini Sandes de Bife de Frango com tomate e alface.<\/p>","link_rewrite":"-sandes-de-bife-de-frango-un","name":"Sandes Mini de Bife de Frango (Un)","manufacturer_name":"Produ\u00e7\u00e3o","link":"https:\/\/docealto.pt\/confeitaria\/2597--sandes-de-bife-de-frango-un.html","rate":0,"tax_name":"","unit_price":"","cover":{"bySize":{"small_default":{"url":"https:\/\/docealto.pt\/14477-small_default\/-sandes-de-bife-de-frango-un.jpg","width":98,"height":98},"cart_default":{"url":"https:\/\/docealto.pt\/14477-cart_default\/-sandes-de-bife-de-frango-un.jpg","width":125,"height":125},"home_default":{"url":"https:\/\/docealto.pt\/14477-home_default\/-sandes-de-bife-de-frango-un.jpg","width":250,"height":250},"medium_default":{"url":"https:\/\/docealto.pt\/14477-medium_default\/-sandes-de-bife-de-frango-un.jpg","width":452,"height":452},"large_default":{"url":"https:\/\/docealto.pt\/14477-large_default\/-sandes-de-bife-de-frango-un.jpg","width":800,"height":800}},"small":{"url":"https:\/\/docealto.pt\/14477-small_default\/-sandes-de-bife-de-frango-un.jpg","width":98,"height":98},"medium":{"url":"https:\/\/docealto.pt\/14477-home_default\/-sandes-de-bife-de-frango-un.jpg","width":250,"height":250},"large":{"url":"https:\/\/docealto.pt\/14477-large_default\/-sandes-de-bife-de-frango-un.jpg","width":800,"height":800},"legend":"","cover":"1","id_image":"14477","position":"1","associatedVariants":[]},"url":"https:\/\/docealto.pt\/confeitaria\/2597--sandes-de-bife-de-frango-un.html","canonical_url":"https:\/\/docealto.pt\/confeitaria\/2597--sandes-de-bife-de-frango-un.html","has_discount":false,"discount_type":null,"discount_percentage":null,"discount_percentage_absolute":null,"discount_amount":null,"price_amount":1.7,"regular_price_amount":1.7,"regular_price":"1,70\u00a0\u20ac","discount_to_display":null,"add_to_cart_url":"https:\/\/docealto.pt\/carrinho?add=1&id_product=2597&id_product_attribute=0","main_variants":[],"labels":{"tax_short":"(sem IVA)","tax_long":"Sem IVA"}},{"id_product":"2239","price":"19,00\u00a0\u20ac","reference":"","active":"1","description_short":"<p>Prato de Mel\u00e3o com Presunto<\/p>\n<p>Peso aproximado:<\/p>\n<p>400Gr. de Presunto<\/p>\n<p>600Gr. de Mel\u00e3o<\/p>\n<p>Apresenta\u00e7\u00e3o do prato pode variar.<\/p>\n<p><\/p>\n<p><\/p>","link_rewrite":"prato-de-melao-com-presunto-kg-","name":"Prato de Mel\u00e3o com Presunto (Kg)","manufacturer_name":null,"link":"https:\/\/docealto.pt\/iguarias\/2239-prato-de-melao-com-presunto-kg-.html","rate":0,"tax_name":"","unit_price":"","cover":{"bySize":{"small_default":{"url":"https:\/\/docealto.pt\/12697-small_default\/prato-de-melao-com-presunto-kg-.jpg","width":98,"height":98},"cart_default":{"url":"https:\/\/docealto.pt\/12697-cart_default\/prato-de-melao-com-presunto-kg-.jpg","width":125,"height":125},"home_default":{"url":"https:\/\/docealto.pt\/12697-home_default\/prato-de-melao-com-presunto-kg-.jpg","width":250,"height":250},"medium_default":{"url":"https:\/\/docealto.pt\/12697-medium_default\/prato-de-melao-com-presunto-kg-.jpg","width":452,"height":452},"large_default":{"url":"https:\/\/docealto.pt\/12697-large_default\/prato-de-melao-com-presunto-kg-.jpg","width":800,"height":800}},"small":{"url":"https:\/\/docealto.pt\/12697-small_default\/prato-de-melao-com-presunto-kg-.jpg","width":98,"height":98},"medium":{"url":"https:\/\/docealto.pt\/12697-home_default\/prato-de-melao-com-presunto-kg-.jpg","width":250,"height":250},"large":{"url":"https:\/\/docealto.pt\/12697-large_default\/prato-de-melao-com-presunto-kg-.jpg","width":800,"height":800},"legend":"","cover":"1","id_image":"12697","position":"1","associatedVariants":[]},"url":"https:\/\/docealto.pt\/iguarias\/2239-prato-de-melao-com-presunto-kg-.html","canonical_url":"https:\/\/docealto.pt\/iguarias\/2239-prato-de-melao-com-presunto-kg-.html","has_discount":false,"discount_type":null,"discount_percentage":null,"discount_percentage_absolute":null,"discount_amount":null,"price_amount":19,"regular_price_amount":19,"regular_price":"19,00\u00a0\u20ac","discount_to_display":null,"add_to_cart_url":"https:\/\/docealto.pt\/carrinho?add=1&id_product=2239&id_product_attribute=0","main_variants":[],"labels":{"tax_short":"(sem IVA)","tax_long":"Sem IVA"}},{"id_product":"2574","price":"2,50\u00a0\u20ac","reference":"","active":"1","description_short":"<div class=\"std\">Espetadas de Fruta Fresca, uma deliciosa e leve sobremesa.<\/div>\n<div class=\"std\">Imagem meramente ilustrativa, fruta exclusiva da \u00e9poca<\/div>","link_rewrite":"espetadas-de-fruta-fresca-un","name":"Espetadas de Fruta Fresca (Un)","manufacturer_name":null,"link":"https:\/\/docealto.pt\/coffee-breaks-eventos\/2574-espetadas-de-fruta-fresca-un.html","rate":0,"tax_name":"","unit_price":"","cover":{"bySize":{"small_default":{"url":"https:\/\/docealto.pt\/14353-small_default\/espetadas-de-fruta-fresca-un.jpg","width":98,"height":98},"cart_default":{"url":"https:\/\/docealto.pt\/14353-cart_default\/espetadas-de-fruta-fresca-un.jpg","width":125,"height":125},"home_default":{"url":"https:\/\/docealto.pt\/14353-home_default\/espetadas-de-fruta-fresca-un.jpg","width":250,"height":250},"medium_default":{"url":"https:\/\/docealto.pt\/14353-medium_default\/espetadas-de-fruta-fresca-un.jpg","width":452,"height":452},"large_default":{"url":"https:\/\/docealto.pt\/14353-large_default\/espetadas-de-fruta-fresca-un.jpg","width":800,"height":800}},"small":{"url":"https:\/\/docealto.pt\/14353-small_default\/espetadas-de-fruta-fresca-un.jpg","width":98,"height":98},"medium":{"url":"https:\/\/docealto.pt\/14353-home_default\/espetadas-de-fruta-fresca-un.jpg","width":250,"height":250},"large":{"url":"https:\/\/docealto.pt\/14353-large_default\/espetadas-de-fruta-fresca-un.jpg","width":800,"height":800},"legend":"","cover":"1","id_image":"14353","position":"1","associatedVariants":[]},"url":"https:\/\/docealto.pt\/coffee-breaks-eventos\/2574-espetadas-de-fruta-fresca-un.html","canonical_url":"https:\/\/docealto.pt\/coffee-breaks-eventos\/2574-espetadas-de-fruta-fresca-un.html","has_discount":false,"discount_type":null,"discount_percentage":null,"discount_percentage_absolute":null,"discount_amount":null,"price_amount":2.5,"regular_price_amount":2.5,"regular_price":"2,50\u00a0\u20ac","discount_to_display":null,"add_to_cart_url":"https:\/\/docealto.pt\/carrinho?add=1&id_product=2574&id_product_attribute=0","main_variants":[],"labels":{"tax_short":"(sem IVA)","tax_long":"Sem IVA"}}],"sort_orders":[{"entity":"product","field":"position","direction":"desc","label":"Mais Recentes","urlParameter":"product.position.desc","current":false,"url":"https:\/\/docealto.pt\/55-coffee-breaks-eventos?order=product.position.desc"},{"entity":"product","field":"name","direction":"asc","label":"Nome (A-Z)","urlParameter":"product.name.asc","current":false,"url":"https:\/\/docealto.pt\/55-coffee-breaks-eventos?order=product.name.asc"},{"entity":"product","field":"name","direction":"desc","label":"Nome (Z-A)","urlParameter":"product.name.desc","current":false,"url":"https:\/\/docealto.pt\/55-coffee-breaks-eventos?order=product.name.desc"},{"entity":"product","field":"price","direction":"asc","label":"Pre\u00e7o Crescente","urlParameter":"product.price.asc","current":false,"url":"https:\/\/docealto.pt\/55-coffee-breaks-eventos?order=product.price.asc"},{"entity":"product","field":"price","direction":"desc","label":"Pre\u00e7o Decrescente","urlParameter":"product.price.desc","current":false,"url":"https:\/\/docealto.pt\/55-coffee-breaks-eventos?order=product.price.desc"}],"sort_selected":"Mais Recentes","pagination":{"total_items":"74","items_shown_from":1,"items_shown_to":24,"pages":[{"type":"previous","page":1,"clickable":false,"current":false,"url":"https:\/\/docealto.pt\/55-coffee-breaks-eventos?page=1"},{"type":"page","page":1,"clickable":false,"current":true,"url":"https:\/\/docealto.pt\/55-coffee-breaks-eventos?page=1"},{"type":"page","page":2,"clickable":true,"current":false,"url":"https:\/\/docealto.pt\/55-coffee-breaks-eventos?page=2"},{"type":"page","page":3,"clickable":true,"current":false,"url":"https:\/\/docealto.pt\/55-coffee-breaks-eventos?page=3"},{"type":"page","page":4,"clickable":true,"current":false,"url":"https:\/\/docealto.pt\/55-coffee-breaks-eventos?page=4"},{"type":"next","page":2,"clickable":true,"current":false,"url":"https:\/\/docealto.pt\/55-coffee-breaks-eventos?page=2"}],"should_be_displayed":true},"rendered_facets":"  <div id=\"search_filters\">\n\n    \n      <h4 class=\"text-uppercase h6 hidden-sm-down\">Filtrar por<\/h4>\n    \n\n    \n      <div id=\"_desktop_search_filters_clear_all\" class=\"hidden-sm-down clear-all-wrapper\">\n        <button data-search-url=\"https:\/\/docealto.pt\/55-coffee-breaks-eventos\" class=\"btn btn-tertiary js-search-filters-clear-all\">\n          <i class=\"material-icons\">&#xE14C;<\/i>\n          Limpar tudo\n        <\/button>\n      <\/div>\n    \n\n                  <section class=\"facet clearfix\">\n          <h1 class=\"h6 facet-title hidden-sm-down\">Pre\u00e7o<\/h1>\n                                                                                                                                                                                                  <div class=\"title hidden-md-up\" data-target=\"#facet_26545\" data-toggle=\"collapse\">\n            <h1 class=\"h6 facet-title\">Pre\u00e7o<\/h1>\n            <span class=\"float-xs-right\">\n              <span class=\"navbar-toggler collapse-icons\">\n                <i class=\"material-icons add\">&#xE313;<\/i>\n                <i class=\"material-icons remove\">&#xE316;<\/i>\n              <\/span>\n            <\/span>\n          <\/div>\n\n          \n            \n              <ul id=\"facet_26545\" class=\"collapse\">\n                                                      <li>\n                      <label class=\"facet-label\" for=\"facet_input_26545_0\">\n                                                  <span class=\"custom-radio\">\n                            <input\n                              id=\"facet_input_26545_0\"\n                              data-search-url=\"https:\/\/docealto.pt\/55-coffee-breaks-eventos?q=Pre%C3%A7o-%E2%82%AC-0-6\"\n                              type=\"radio\"\n                              name=\"filter Pre\u00e7o\"\n                                                          >\n                            <span ><\/span>\n                          <\/span>\n                        \n                        <a\n                          href=\"https:\/\/docealto.pt\/55-coffee-breaks-eventos?q=Pre%C3%A7o-%E2%82%AC-0-6\"\n                          class=\"_gray-darker search-link js-search-link\"\n                          rel=\"nofollow\"\n                        >\n                          0,00\u00a0\u20ac - 6,00\u00a0\u20ac\n                                                      <span class=\"magnitude\">(47)<\/span>\n                                                  <\/a>\n                      <\/label>\n                    <\/li>\n                                                                        <li>\n                      <label class=\"facet-label\" for=\"facet_input_26545_1\">\n                                                  <span class=\"custom-radio\">\n                            <input\n                              id=\"facet_input_26545_1\"\n                              data-search-url=\"https:\/\/docealto.pt\/55-coffee-breaks-eventos?q=Pre%C3%A7o-%E2%82%AC-8-11\"\n                              type=\"radio\"\n                              name=\"filter Pre\u00e7o\"\n                                                          >\n                            <span ><\/span>\n                          <\/span>\n                        \n                        <a\n                          href=\"https:\/\/docealto.pt\/55-coffee-breaks-eventos?q=Pre%C3%A7o-%E2%82%AC-8-11\"\n                          class=\"_gray-darker search-link js-search-link\"\n                          rel=\"nofollow\"\n                        >\n                          8,00\u00a0\u20ac - 11,00\u00a0\u20ac\n                                                      <span class=\"magnitude\">(2)<\/span>\n                                                  <\/a>\n                      <\/label>\n                    <\/li>\n                                                                        <li>\n                      <label class=\"facet-label\" for=\"facet_input_26545_2\">\n                                                  <span class=\"custom-radio\">\n                            <input\n                              id=\"facet_input_26545_2\"\n                              data-search-url=\"https:\/\/docealto.pt\/55-coffee-breaks-eventos?q=Pre%C3%A7o-%E2%82%AC-18-20\"\n                              type=\"radio\"\n                              name=\"filter Pre\u00e7o\"\n                                                          >\n                            <span ><\/span>\n                          <\/span>\n                        \n                        <a\n                          href=\"https:\/\/docealto.pt\/55-coffee-breaks-eventos?q=Pre%C3%A7o-%E2%82%AC-18-20\"\n                          class=\"_gray-darker search-link js-search-link\"\n                          rel=\"nofollow\"\n                        >\n                          18,00\u00a0\u20ac - 20,00\u00a0\u20ac\n                                                      <span class=\"magnitude\">(21)<\/span>\n                                                  <\/a>\n                      <\/label>\n                    <\/li>\n                                                                        <li>\n                      <label class=\"facet-label\" for=\"facet_input_26545_3\">\n                                                  <span class=\"custom-radio\">\n                            <input\n                              id=\"facet_input_26545_3\"\n                              data-search-url=\"https:\/\/docealto.pt\/55-coffee-breaks-eventos?q=Pre%C3%A7o-%E2%82%AC-22-23\"\n                              type=\"radio\"\n                              name=\"filter Pre\u00e7o\"\n                                                          >\n                            <span ><\/span>\n                          <\/span>\n                        \n                        <a\n                          href=\"https:\/\/docealto.pt\/55-coffee-breaks-eventos?q=Pre%C3%A7o-%E2%82%AC-22-23\"\n                          class=\"_gray-darker search-link js-search-link\"\n                          rel=\"nofollow\"\n                        >\n                          22,00\u00a0\u20ac - 23,00\u00a0\u20ac\n                                                      <span class=\"magnitude\">(1)<\/span>\n                                                  <\/a>\n                      <\/label>\n                    <\/li>\n                                                                        <li>\n                      <label class=\"facet-label\" for=\"facet_input_26545_4\">\n                                                  <span class=\"custom-radio\">\n                            <input\n                              id=\"facet_input_26545_4\"\n                              data-search-url=\"https:\/\/docealto.pt\/55-coffee-breaks-eventos?q=Pre%C3%A7o-%E2%82%AC-28-30\"\n                              type=\"radio\"\n                              name=\"filter Pre\u00e7o\"\n                                                          >\n                            <span ><\/span>\n                          <\/span>\n                        \n                        <a\n                          href=\"https:\/\/docealto.pt\/55-coffee-breaks-eventos?q=Pre%C3%A7o-%E2%82%AC-28-30\"\n                          class=\"_gray-darker search-link js-search-link\"\n                          rel=\"nofollow\"\n                        >\n                          28,00\u00a0\u20ac - 30,00\u00a0\u20ac\n                                                      <span class=\"magnitude\">(1)<\/span>\n                                                  <\/a>\n                      <\/label>\n                    <\/li>\n                                                                        <li>\n                      <label class=\"facet-label\" for=\"facet_input_26545_5\">\n                                                  <span class=\"custom-radio\">\n                            <input\n                              id=\"facet_input_26545_5\"\n                              data-search-url=\"https:\/\/docealto.pt\/55-coffee-breaks-eventos?q=Pre%C3%A7o-%E2%82%AC-34-35\"\n                              type=\"radio\"\n                              name=\"filter Pre\u00e7o\"\n                                                          >\n                            <span ><\/span>\n                          <\/span>\n                        \n                        <a\n                          href=\"https:\/\/docealto.pt\/55-coffee-breaks-eventos?q=Pre%C3%A7o-%E2%82%AC-34-35\"\n                          class=\"_gray-darker search-link js-search-link\"\n                          rel=\"nofollow\"\n                        >\n                          34,00\u00a0\u20ac - 35,00\u00a0\u20ac\n                                                      <span class=\"magnitude\">(1)<\/span>\n                                                  <\/a>\n                      <\/label>\n                    <\/li>\n                                                                        <li>\n                      <label class=\"facet-label\" for=\"facet_input_26545_6\">\n                                                  <span class=\"custom-radio\">\n                            <input\n                              id=\"facet_input_26545_6\"\n                              data-search-url=\"https:\/\/docealto.pt\/55-coffee-breaks-eventos?q=Pre%C3%A7o-%E2%82%AC-45-46\"\n                              type=\"radio\"\n                              name=\"filter Pre\u00e7o\"\n                                                          >\n                            <span ><\/span>\n                          <\/span>\n                        \n                        <a\n                          href=\"https:\/\/docealto.pt\/55-coffee-breaks-eventos?q=Pre%C3%A7o-%E2%82%AC-45-46\"\n                          class=\"_gray-darker search-link js-search-link\"\n                          rel=\"nofollow\"\n                        >\n                          45,00\u00a0\u20ac - 46,00\u00a0\u20ac\n                                                      <span class=\"magnitude\">(1)<\/span>\n                                                  <\/a>\n                      <\/label>\n                    <\/li>\n                                                <\/ul>\n            \n\n                  <\/section>\n                        <section class=\"facet clearfix\">\n          <h1 class=\"h6 facet-title hidden-sm-down\">Peso<\/h1>\n                                                                                                                                                                                                                        <div class=\"title hidden-md-up\" data-target=\"#facet_42883\" data-toggle=\"collapse\">\n            <h1 class=\"h6 facet-title\">Peso<\/h1>\n            <span class=\"float-xs-right\">\n              <span class=\"navbar-toggler collapse-icons\">\n                <i class=\"material-icons add\">&#xE313;<\/i>\n                <i class=\"material-icons remove\">&#xE316;<\/i>\n              <\/span>\n            <\/span>\n          <\/div>\n\n          \n            \n              <ul id=\"facet_42883\" class=\"collapse\">\n                                                      <li>\n                      <label class=\"facet-label\" for=\"facet_input_42883_0\">\n                                                  <span class=\"custom-checkbox\">\n                            <input\n                              id=\"facet_input_42883_0\"\n                              data-search-url=\"https:\/\/docealto.pt\/55-coffee-breaks-eventos?q=Peso-1\/\/4+Kg\"\n                              type=\"checkbox\"\n                                                          >\n                                                          <span ><i class=\"material-icons rtl-no-flip checkbox-checked\">&#xE5CA;<\/i><\/span>\n                                                      <\/span>\n                        \n                        <a\n                          href=\"https:\/\/docealto.pt\/55-coffee-breaks-eventos?q=Peso-1\/\/4+Kg\"\n                          class=\"_gray-darker search-link js-search-link\"\n                          rel=\"nofollow\"\n                        >\n                          1\/4 Kg\n                                                      <span class=\"magnitude\">(24)<\/span>\n                                                  <\/a>\n                      <\/label>\n                    <\/li>\n                                                                        <li>\n                      <label class=\"facet-label\" for=\"facet_input_42883_1\">\n                                                  <span class=\"custom-checkbox\">\n                            <input\n                              id=\"facet_input_42883_1\"\n                              data-search-url=\"https:\/\/docealto.pt\/55-coffee-breaks-eventos?q=Peso-1\/\/2+Kg\"\n                              type=\"checkbox\"\n                                                          >\n                                                          <span ><i class=\"material-icons rtl-no-flip checkbox-checked\">&#xE5CA;<\/i><\/span>\n                                                      <\/span>\n                        \n                        <a\n                          href=\"https:\/\/docealto.pt\/55-coffee-breaks-eventos?q=Peso-1\/\/2+Kg\"\n                          class=\"_gray-darker search-link js-search-link\"\n                          rel=\"nofollow\"\n                        >\n                          1\/2 Kg\n                                                      <span class=\"magnitude\">(24)<\/span>\n                                                  <\/a>\n                      <\/label>\n                    <\/li>\n                                                                        <li>\n                      <label class=\"facet-label\" for=\"facet_input_42883_2\">\n                                                  <span class=\"custom-checkbox\">\n                            <input\n                              id=\"facet_input_42883_2\"\n                              data-search-url=\"https:\/\/docealto.pt\/55-coffee-breaks-eventos?q=Peso-3\/\/4+Kg\"\n                              type=\"checkbox\"\n                                                          >\n                                                          <span ><i class=\"material-icons rtl-no-flip checkbox-checked\">&#xE5CA;<\/i><\/span>\n                                                      <\/span>\n                        \n                        <a\n                          href=\"https:\/\/docealto.pt\/55-coffee-breaks-eventos?q=Peso-3\/\/4+Kg\"\n                          class=\"_gray-darker search-link js-search-link\"\n                          rel=\"nofollow\"\n                        >\n                          3\/4 Kg\n                                                      <span class=\"magnitude\">(38)<\/span>\n                                                  <\/a>\n                      <\/label>\n                    <\/li>\n                                                                        <li>\n                      <label class=\"facet-label\" for=\"facet_input_42883_3\">\n                                                  <span class=\"custom-checkbox\">\n                            <input\n                              id=\"facet_input_42883_3\"\n                              data-search-url=\"https:\/\/docealto.pt\/55-coffee-breaks-eventos?q=Peso-1+Kg\"\n                              type=\"checkbox\"\n                                                          >\n                                                          <span ><i class=\"material-icons rtl-no-flip checkbox-checked\">&#xE5CA;<\/i><\/span>\n                                                      <\/span>\n                        \n                        <a\n                          href=\"https:\/\/docealto.pt\/55-coffee-breaks-eventos?q=Peso-1+Kg\"\n                          class=\"_gray-darker search-link js-search-link\"\n                          rel=\"nofollow\"\n                        >\n                          1 Kg\n                                                      <span class=\"magnitude\">(45)<\/span>\n                                                  <\/a>\n                      <\/label>\n                    <\/li>\n                                                                        <li>\n                      <label class=\"facet-label\" for=\"facet_input_42883_4\">\n                                                  <span class=\"custom-checkbox\">\n                            <input\n                              id=\"facet_input_42883_4\"\n                              data-search-url=\"https:\/\/docealto.pt\/55-coffee-breaks-eventos?q=Peso-1%2C5+Kg\"\n                              type=\"checkbox\"\n                                                          >\n                                                          <span ><i class=\"material-icons rtl-no-flip checkbox-checked\">&#xE5CA;<\/i><\/span>\n                                                      <\/span>\n                        \n                        <a\n                          href=\"https:\/\/docealto.pt\/55-coffee-breaks-eventos?q=Peso-1%2C5+Kg\"\n                          class=\"_gray-darker search-link js-search-link\"\n                          rel=\"nofollow\"\n                        >\n                          1,5 Kg\n                                                      <span class=\"magnitude\">(38)<\/span>\n                                                  <\/a>\n                      <\/label>\n                    <\/li>\n                                                                        <li>\n                      <label class=\"facet-label\" for=\"facet_input_42883_5\">\n                                                  <span class=\"custom-checkbox\">\n                            <input\n                              id=\"facet_input_42883_5\"\n                              data-search-url=\"https:\/\/docealto.pt\/55-coffee-breaks-eventos?q=Peso-2+Kg\"\n                              type=\"checkbox\"\n                                                          >\n                                                          <span ><i class=\"material-icons rtl-no-flip checkbox-checked\">&#xE5CA;<\/i><\/span>\n                                                      <\/span>\n                        \n                        <a\n                          href=\"https:\/\/docealto.pt\/55-coffee-breaks-eventos?q=Peso-2+Kg\"\n                          class=\"_gray-darker search-link js-search-link\"\n                          rel=\"nofollow\"\n                        >\n                          2 Kg\n                                                      <span class=\"magnitude\">(27)<\/span>\n                                                  <\/a>\n                      <\/label>\n                    <\/li>\n                                                                        <li>\n                      <label class=\"facet-label\" for=\"facet_input_42883_6\">\n                                                  <span class=\"custom-checkbox\">\n                            <input\n                              id=\"facet_input_42883_6\"\n                              data-search-url=\"https:\/\/docealto.pt\/55-coffee-breaks-eventos?q=Peso-2.5+Kg\"\n                              type=\"checkbox\"\n                                                          >\n                                                          <span ><i class=\"material-icons rtl-no-flip checkbox-checked\">&#xE5CA;<\/i><\/span>\n                                                      <\/span>\n                        \n                        <a\n                          href=\"https:\/\/docealto.pt\/55-coffee-breaks-eventos?q=Peso-2.5+Kg\"\n                          class=\"_gray-darker search-link js-search-link\"\n                          rel=\"nofollow\"\n                        >\n                          2.5 Kg\n                                                      <span class=\"magnitude\">(5)<\/span>\n                                                  <\/a>\n                      <\/label>\n                    <\/li>\n                                                                        <li>\n                      <label class=\"facet-label\" for=\"facet_input_42883_7\">\n                                                  <span class=\"custom-checkbox\">\n                            <input\n                              id=\"facet_input_42883_7\"\n                              data-search-url=\"https:\/\/docealto.pt\/55-coffee-breaks-eventos?q=Peso-1%2C5+Kg+%28Un%29+\"\n                              type=\"checkbox\"\n                                                          >\n                                                          <span ><i class=\"material-icons rtl-no-flip checkbox-checked\">&#xE5CA;<\/i><\/span>\n                                                      <\/span>\n                        \n                        <a\n                          href=\"https:\/\/docealto.pt\/55-coffee-breaks-eventos?q=Peso-1%2C5+Kg+%28Un%29+\"\n                          class=\"_gray-darker search-link js-search-link\"\n                          rel=\"nofollow\"\n                        >\n                          1,5 Kg (Un) \n                                                      <span class=\"magnitude\">(5)<\/span>\n                                                  <\/a>\n                      <\/label>\n                    <\/li>\n                                                <\/ul>\n            \n\n                  <\/section>\n            <\/div>\n","rendered_active_filters":"<section id=\"js-active-search-filters\" class=\"hide\">\n  \n    <h1 class=\"h6 hidden-xs-up\">Filtros ativos<\/h1>\n  \n\n  <\/section>\n","js_enabled":true,"current_url":"https:\/\/docealto.pt\/55-coffee-breaks-eventos"}